{"id":10321,"date":"2024-09-24T07:40:24","date_gmt":"2024-09-24T07:40:24","guid":{"rendered":"https:\/\/ederagenhelse.no\/ny2026\/?page_id=10321"},"modified":"2026-03-17T12:46:26","modified_gmt":"2026-03-17T12:46:26","slug":"faq","status":"publish","type":"page","link":"https:\/\/ederagenhelse.no\/ny2026\/faq\/","title":{"rendered":"FAQ"},"content":{"rendered":"\t\t<div data-elementor-type=\"wp-page\" data-elementor-id=\"10321\" class=\"elementor elementor-10321\" data-elementor-post-type=\"page\">\n\t\t\t\t<div class=\"elementor-element elementor-element-09552cb e-flex e-con-boxed e-con e-parent\" data-id=\"09552cb\" data-element_type=\"container\" data-e-type=\"container\" data-settings=\"{&quot;background_background&quot;:&quot;classic&quot;}\">\n\t\t\t\t\t<div class=\"e-con-inner\">\n\t\t\t\t<div class=\"elementor-element elementor-element-3982a35 elementor-widget elementor-widget-heading\" data-id=\"3982a35\" data-element_type=\"widget\" data-e-type=\"widget\" data-widget_type=\"heading.default\">\n\t\t\t\t\t<h2 class=\"elementor-heading-title elementor-size-default\">Sp\u00f8rsm\u00e5l og svar<\/h2>\t\t\t\t<\/div>\n\t\t<div class=\"elementor-element elementor-element-ca212b1 e-con-full e-flex e-con e-child\" data-id=\"ca212b1\" data-element_type=\"container\" data-e-type=\"container\">\n\t\t\t\t<div class=\"elementor-element elementor-element-7eb8d76 elementor-widget elementor-widget-heading\" data-id=\"7eb8d76\" data-element_type=\"widget\" data-e-type=\"widget\" data-widget_type=\"heading.default\">\n\t\t\t\t\t<h2 class=\"elementor-heading-title elementor-size-default\">Om kosttilskuddene<\/h2>\t\t\t\t<\/div>\n\t\t\t\t<div class=\"elementor-element elementor-element-648c5ef elementor-widget__width-initial elementor-widget-mobile__width-inherit elementor-widget elementor-widget-n-accordion\" data-id=\"648c5ef\" data-element_type=\"widget\" data-e-type=\"widget\" data-settings=\"{&quot;default_state&quot;:&quot;all_collapsed&quot;,&quot;max_items_expended&quot;:&quot;one&quot;,&quot;n_accordion_animation_duration&quot;:{&quot;unit&quot;:&quot;ms&quot;,&quot;size&quot;:400,&quot;sizes&quot;:[]}}\" data-widget_type=\"nested-accordion.default\">\n\t\t\t\t\t\t\t<div class=\"e-n-accordion\" aria-label=\"Accordion. Open links with Enter or Space, close with Escape, and navigate with Arrow Keys\">\n\t\t\t\t\t\t<details id=\"e-n-accordion-item-1050\" class=\"e-n-accordion-item\" >\n\t\t\t\t<summary class=\"e-n-accordion-item-title\" data-accordion-index=\"1\" tabindex=\"0\" aria-expanded=\"false\" aria-controls=\"e-n-accordion-item-1050\" >\n\t\t\t\t\t<span class='e-n-accordion-item-title-header'><div class=\"e-n-accordion-item-title-text\"> Hva er forskjellen p\u00e5 EderaGard<sup>\u00ae<\/sup> og EcoGard<sup>\u00ae<\/sup>? <\/div><\/span>\n\t\t\t\t\t\t\t<span class='e-n-accordion-item-title-icon'>\n\t\t\t<span class='e-opened' ><i aria-hidden=\"true\" class=\"fas fa-chevron-up\"><\/i><\/span>\n\t\t\t<span class='e-closed'><i aria-hidden=\"true\" class=\"fas fa-chevron-down\"><\/i><\/span>\n\t\t<\/span>\n\n\t\t\t\t\t\t<\/summary>\n\t\t\t\t<div role=\"region\" aria-labelledby=\"e-n-accordion-item-1050\" class=\"elementor-element elementor-element-3114be0 e-con-full e-flex e-con e-child\" data-id=\"3114be0\" data-element_type=\"container\" data-e-type=\"container\">\n\t\t\t\t<div class=\"elementor-element elementor-element-9e32878 elementor-widget elementor-widget-text-editor\" data-id=\"9e32878\" data-element_type=\"widget\" data-e-type=\"widget\" data-widget_type=\"text-editor.default\">\n\t\t\t\t\t\t\t\t\t<p>EderaGard<sup>\u00ae <\/sup>er et kosttilskudd for tarmen. EderaGard<sup>\u00ae<\/sup> inneholder huminsyre og beta-1,3\/1,6-glukan, som <em>i kombinasjon<\/em> har vist seg \u00e5 regulere \u00f8kosystemet av tarmbakterier p\u00e5 en positiv m\u00e5te.<\/p><p>EcoGard<sup>\u00ae <\/sup>er et kosttilsskudd for immunforsvaret. EcoGard<sup>\u00ae<\/sup> inneholder rent beta-1,3\/1,6-glukan fra bakegj\u00e6r (<em>Saccharomyces<\/em> <em>cerevisiae<\/em>), et naturlig polysakkarid som skjerper cellene i det medf\u00f8dte immunforsvaret.<\/p>\t\t\t\t\t\t\t\t<\/div>\n\t\t\t\t<\/div>\n\t\t\t\t\t<\/details>\n\t\t\t\t\t\t<details id=\"e-n-accordion-item-1051\" class=\"e-n-accordion-item\" >\n\t\t\t\t<summary class=\"e-n-accordion-item-title\" data-accordion-index=\"2\" tabindex=\"-1\" aria-expanded=\"false\" aria-controls=\"e-n-accordion-item-1051\" >\n\t\t\t\t\t<span class='e-n-accordion-item-title-header'><div class=\"e-n-accordion-item-title-text\"> Kan jeg ta EderaGard<sup>\u00ae<\/sup> og EcoGard<sup>\u00ae<\/sup> samtidig?  <\/div><\/span>\n\t\t\t\t\t\t\t<span class='e-n-accordion-item-title-icon'>\n\t\t\t<span class='e-opened' ><i aria-hidden=\"true\" class=\"fas fa-chevron-up\"><\/i><\/span>\n\t\t\t<span class='e-closed'><i aria-hidden=\"true\" class=\"fas fa-chevron-down\"><\/i><\/span>\n\t\t<\/span>\n\n\t\t\t\t\t\t<\/summary>\n\t\t\t\t<div role=\"region\" aria-labelledby=\"e-n-accordion-item-1051\" class=\"elementor-element elementor-element-9c5ac99 e-con-full e-flex e-con e-child\" data-id=\"9c5ac99\" data-element_type=\"container\" data-e-type=\"container\">\n\t\t\t\t<div class=\"elementor-element elementor-element-41a1659 elementor-widget elementor-widget-text-editor\" data-id=\"41a1659\" data-element_type=\"widget\" data-e-type=\"widget\" data-widget_type=\"text-editor.default\">\n\t\t\t\t\t\t\t\t\t<p>Ja, du kan fint ta begge kosttilskuddene samtidig uten \u00e5 v\u00e6re redd for \u00e5 overskride toleransegrenser for noen av ingrediensene.<\/p>\t\t\t\t\t\t\t\t<\/div>\n\t\t\t\t<\/div>\n\t\t\t\t\t<\/details>\n\t\t\t\t\t\t<details id=\"e-n-accordion-item-1052\" class=\"e-n-accordion-item\" >\n\t\t\t\t<summary class=\"e-n-accordion-item-title\" data-accordion-index=\"3\" tabindex=\"-1\" aria-expanded=\"false\" aria-controls=\"e-n-accordion-item-1052\" >\n\t\t\t\t\t<span class='e-n-accordion-item-title-header'><div class=\"e-n-accordion-item-title-text\"> Hvorfor er det betaglukaner ogs\u00e5 i EderaGard<sup>\u00ae<\/sup>? <\/div><\/span>\n\t\t\t\t\t\t\t<span class='e-n-accordion-item-title-icon'>\n\t\t\t<span class='e-opened' ><i aria-hidden=\"true\" class=\"fas fa-chevron-up\"><\/i><\/span>\n\t\t\t<span class='e-closed'><i aria-hidden=\"true\" class=\"fas fa-chevron-down\"><\/i><\/span>\n\t\t<\/span>\n\n\t\t\t\t\t\t<\/summary>\n\t\t\t\t<div role=\"region\" aria-labelledby=\"e-n-accordion-item-1052\" class=\"elementor-element elementor-element-aed518d e-con-full e-flex e-con e-child\" data-id=\"aed518d\" data-element_type=\"container\" data-e-type=\"container\">\n\t\t\t\t<div class=\"elementor-element elementor-element-ec03395 elementor-widget elementor-widget-text-editor\" data-id=\"ec03395\" data-element_type=\"widget\" data-e-type=\"widget\" data-widget_type=\"text-editor.default\">\n\t\t\t\t\t\t\t\t\t<p>Kosttilskuddet EderaGard<sup>\u00ae<\/sup> inneholder huminsyre og beta-1,3\/1,6-glukan, som <em>i kombinasjon<\/em> har vist seg \u00e5 regulere \u00f8kosystemet av tarmbakterier p\u00e5 en positiv m\u00e5te.<\/p>\t\t\t\t\t\t\t\t<\/div>\n\t\t\t\t<\/div>\n\t\t\t\t\t<\/details>\n\t\t\t\t\t\t<details id=\"e-n-accordion-item-1053\" class=\"e-n-accordion-item\" >\n\t\t\t\t<summary class=\"e-n-accordion-item-title\" data-accordion-index=\"4\" tabindex=\"-1\" aria-expanded=\"false\" aria-controls=\"e-n-accordion-item-1053\" >\n\t\t\t\t\t<span class='e-n-accordion-item-title-header'><div class=\"e-n-accordion-item-title-text\"> Skal EderaGard<sup>\u00ae<\/sup> og EcoGard<sup>\u00ae<\/sup> tas sammen med mat? <\/div><\/span>\n\t\t\t\t\t\t\t<span class='e-n-accordion-item-title-icon'>\n\t\t\t<span class='e-opened' ><i aria-hidden=\"true\" class=\"fas fa-chevron-up\"><\/i><\/span>\n\t\t\t<span class='e-closed'><i aria-hidden=\"true\" class=\"fas fa-chevron-down\"><\/i><\/span>\n\t\t<\/span>\n\n\t\t\t\t\t\t<\/summary>\n\t\t\t\t<div role=\"region\" aria-labelledby=\"e-n-accordion-item-1053\" class=\"elementor-element elementor-element-ea6f838 e-con-full e-flex e-con e-child\" data-id=\"ea6f838\" data-element_type=\"container\" data-e-type=\"container\">\n\t\t\t\t<div class=\"elementor-element elementor-element-0b5e0e4 elementor-widget elementor-widget-text-editor\" data-id=\"0b5e0e4\" data-element_type=\"widget\" data-e-type=\"widget\" data-widget_type=\"text-editor.default\">\n\t\t\t\t\t\t\t\t\t<p>Du er ikke n\u00f8dt til \u00e5 ta kosttilskuddene v\u00e5re sammen med mat, men vi anbefaler likevel \u00e5 ha som rutine \u00e5 ta dem i forbindelse med m\u00e5ltid. Da er du sikret at du husker \u00e5 ta dem, og de f\u00e5r ogs\u00e5 v\u00e6rt med p\u00e5 reisen gjennom ford\u00f8yelseskanalen sammen med annen mat og n\u00e5r ford\u00f8yelsessystemet er i full vig\u00f8r.\u00a0<\/p>\t\t\t\t\t\t\t\t<\/div>\n\t\t\t\t<\/div>\n\t\t\t\t\t<\/details>\n\t\t\t\t\t\t<details id=\"e-n-accordion-item-1054\" class=\"e-n-accordion-item\" >\n\t\t\t\t<summary class=\"e-n-accordion-item-title\" data-accordion-index=\"5\" tabindex=\"-1\" aria-expanded=\"false\" aria-controls=\"e-n-accordion-item-1054\" >\n\t\t\t\t\t<span class='e-n-accordion-item-title-header'><div class=\"e-n-accordion-item-title-text\"> Kan jeg gi EderaGard<sup>\u00ae<\/sup> og EcoGard<sup>\u00ae<\/sup> til barn under 12 \u00e5r?  <\/div><\/span>\n\t\t\t\t\t\t\t<span class='e-n-accordion-item-title-icon'>\n\t\t\t<span class='e-opened' ><i aria-hidden=\"true\" class=\"fas fa-chevron-up\"><\/i><\/span>\n\t\t\t<span class='e-closed'><i aria-hidden=\"true\" class=\"fas fa-chevron-down\"><\/i><\/span>\n\t\t<\/span>\n\n\t\t\t\t\t\t<\/summary>\n\t\t\t\t<div role=\"region\" aria-labelledby=\"e-n-accordion-item-1054\" class=\"elementor-element elementor-element-9a6f393 e-con-full e-flex e-con e-child\" data-id=\"9a6f393\" data-element_type=\"container\" data-e-type=\"container\">\n\t\t\t\t<div class=\"elementor-element elementor-element-51ec4a5 elementor-widget elementor-widget-text-editor\" data-id=\"51ec4a5\" data-element_type=\"widget\" data-e-type=\"widget\" data-widget_type=\"text-editor.default\">\n\t\t\t\t\t\t\t\t\t<p>Det er ingen av innholdsstoffene i kosttilskuddene v\u00e5re som ikke kan gis til barn under 12 \u00e5r, men vi anbefaler likevel og som generell regel \u00e5 ikke gi kosttilskudd til barn. Barn kan dessuten lettere sette kapsler og tabletter i halsen, s\u00e5 hvis du velger \u00e5 gi barnet ditt EcoGard<strong><sup>\u00ae<\/sup><\/strong> for eksempel, anbefaler vi at du \u00e5pner kapselen p\u00e5 midten, og blander pulveret inn i eksempelvis yoghurt eller gr\u00f8t.<\/p>\t\t\t\t\t\t\t\t<\/div>\n\t\t\t\t<\/div>\n\t\t\t\t\t<\/details>\n\t\t\t\t\t\t<details id=\"e-n-accordion-item-1055\" class=\"e-n-accordion-item\" >\n\t\t\t\t<summary class=\"e-n-accordion-item-title\" data-accordion-index=\"6\" tabindex=\"-1\" aria-expanded=\"false\" aria-controls=\"e-n-accordion-item-1055\" >\n\t\t\t\t\t<span class='e-n-accordion-item-title-header'><div class=\"e-n-accordion-item-title-text\"> Jeg liker ikke \u00e5 svelge tabletter og kapsler. Kan jeg ta EderaGard<sup>\u00ae<\/sup> og EcoGard<sup>\u00ae<\/sup> p\u00e5 annen m\u00e5te?  <\/div><\/span>\n\t\t\t\t\t\t\t<span class='e-n-accordion-item-title-icon'>\n\t\t\t<span class='e-opened' ><i aria-hidden=\"true\" class=\"fas fa-chevron-up\"><\/i><\/span>\n\t\t\t<span class='e-closed'><i aria-hidden=\"true\" class=\"fas fa-chevron-down\"><\/i><\/span>\n\t\t<\/span>\n\n\t\t\t\t\t\t<\/summary>\n\t\t\t\t<div role=\"region\" aria-labelledby=\"e-n-accordion-item-1055\" class=\"elementor-element elementor-element-a347ae1 e-con-full e-flex e-con e-child\" data-id=\"a347ae1\" data-element_type=\"container\" data-e-type=\"container\">\n\t\t\t\t<div class=\"elementor-element elementor-element-0d90ca9 elementor-widget elementor-widget-text-editor\" data-id=\"0d90ca9\" data-element_type=\"widget\" data-e-type=\"widget\" data-widget_type=\"text-editor.default\">\n\t\t\t\t\t\t\t\t\t<p>EderaGard<sup>\u00ae<\/sup>-tablettene er sm\u00e5 og runde, s\u00e5 de aller fleste klarer fint \u00e5 svelge disse. Tablettene er ogs\u00e5 overflatebehandlet slik at de glir lettere ned, og overflatebehandlingen beskytter samtidig mot den intense svarte fargen inni tablettene. Det kan v\u00e6re lettere \u00e5 ta kosttilskuddene sine i forbindelse med m\u00e5ltid, siden svelgerefleksen stimuleres p\u00e5 naturlig m\u00e5te n\u00e5r man spiser vanlig mat. Hvis du ikke klarer \u00e5 svelge tablettene p\u00e5 vanlig m\u00e5te, s\u00e5 g\u00e5r det an \u00e5 knuse dem i en morter og blande dem inn for eksempel gr\u00f8t eller leverpostei. Den svarte fargen er veldig sterk og smitter lett, s\u00e5 v\u00e6r n\u00f8ye s\u00e5 du ikke sverter kl\u00e6r eller annet. Du kan tygge tablettene hvis du vil, men da blir du skikkelig svart i munnen!<\/p><p>EcoGard<strong><sup>\u00ae<\/sup><\/strong>-kapslene kan enkelt \u00e5pnes p\u00e5 midten, og du kan fint helle pulverinnholdet ut og blande det inn i for eksempel yoghurt, gr\u00f8t eller syltet\u00f8y.<\/p>\t\t\t\t\t\t\t\t<\/div>\n\t\t\t\t<\/div>\n\t\t\t\t\t<\/details>\n\t\t\t\t\t\t<details id=\"e-n-accordion-item-1056\" class=\"e-n-accordion-item\" >\n\t\t\t\t<summary class=\"e-n-accordion-item-title\" data-accordion-index=\"7\" tabindex=\"-1\" aria-expanded=\"false\" aria-controls=\"e-n-accordion-item-1056\" >\n\t\t\t\t\t<span class='e-n-accordion-item-title-header'><div class=\"e-n-accordion-item-title-text\"> Anbefalt d\u00f8gndose for EderaGard<sup>\u00ae<\/sup> er 4-6 tabletter. Hvor mange tabletter skal jeg ta, og hvordan fordeler jeg disse gjennom d\u00f8gnet?  <\/div><\/span>\n\t\t\t\t\t\t\t<span class='e-n-accordion-item-title-icon'>\n\t\t\t<span class='e-opened' ><i aria-hidden=\"true\" class=\"fas fa-chevron-up\"><\/i><\/span>\n\t\t\t<span class='e-closed'><i aria-hidden=\"true\" class=\"fas fa-chevron-down\"><\/i><\/span>\n\t\t<\/span>\n\n\t\t\t\t\t\t<\/summary>\n\t\t\t\t<div role=\"region\" aria-labelledby=\"e-n-accordion-item-1056\" class=\"elementor-element elementor-element-36957b6 e-con-full e-flex e-con e-child\" data-id=\"36957b6\" data-element_type=\"container\" data-e-type=\"container\">\n\t\t\t\t<div class=\"elementor-element elementor-element-9cb1d05 elementor-widget elementor-widget-text-editor\" data-id=\"9cb1d05\" data-element_type=\"widget\" data-e-type=\"widget\" data-widget_type=\"text-editor.default\">\n\t\t\t\t\t\t\t\t\t<p>Vi anbefaler \u00e5 starte med 4 tabletter per d\u00f8gn og s\u00e5 \u00f8ke til 6 tabletter per d\u00f8gn etter en tid, hvis man f\u00f8ler man trenger det. Vi anbefaler ikke \u00e5 ta f\u00e6rre enn 4 tabletter per d\u00f8gn. Tablettene kan tas samlet eller fordeles gjennom d\u00f8gnet, du kan gj\u00f8re det som passer best for deg. Vi anbefaler \u00e5 ha som rutine \u00e5 ta kosttilskuddene i forbindelse med m\u00e5ltider, s\u00e5 man ikke glemmer \u00e5 ta dem.<\/p><p>Tarmmikrobiomet (\u00abtarmfloraen\u00bb) varierer veldig fra person til person, b\u00e5de i antall og variasjon av ulike mikrobearter. Hvordan akkurat ditt tarmmikrobiom ser ut, er det f\u00e5 som som kan si, men hovedregelen for en god tarmhelse er at jo flere mikrober og jo st\u00f8rre artsmangfold det er av mikrober i tarmen, jo bedre er det. Det beste er om man passer p\u00e5 mikrobene sine hver dag hele \u00e5ret, med jevn tilf\u00f8rsel av variert mat som er gunstig for mikrobe\u00f8kosystemet, og utvalgte kosttilskudd.<\/p>\t\t\t\t\t\t\t\t<\/div>\n\t\t\t\t<\/div>\n\t\t\t\t\t<\/details>\n\t\t\t\t\t\t<details id=\"e-n-accordion-item-1057\" class=\"e-n-accordion-item\" >\n\t\t\t\t<summary class=\"e-n-accordion-item-title\" data-accordion-index=\"8\" tabindex=\"-1\" aria-expanded=\"false\" aria-controls=\"e-n-accordion-item-1057\" >\n\t\t\t\t\t<span class='e-n-accordion-item-title-header'><div class=\"e-n-accordion-item-title-text\"> Hvor lang tid tar det f\u00f8r jeg f\u00e5r effekt? <\/div><\/span>\n\t\t\t\t\t\t\t<span class='e-n-accordion-item-title-icon'>\n\t\t\t<span class='e-opened' ><i aria-hidden=\"true\" class=\"fas fa-chevron-up\"><\/i><\/span>\n\t\t\t<span class='e-closed'><i aria-hidden=\"true\" class=\"fas fa-chevron-down\"><\/i><\/span>\n\t\t<\/span>\n\n\t\t\t\t\t\t<\/summary>\n\t\t\t\t<div role=\"region\" aria-labelledby=\"e-n-accordion-item-1057\" class=\"elementor-element elementor-element-26e8a7c e-con-full e-flex e-con e-child\" data-id=\"26e8a7c\" data-element_type=\"container\" data-e-type=\"container\">\n\t\t\t\t<div class=\"elementor-element elementor-element-ebb4118 elementor-widget elementor-widget-text-editor\" data-id=\"ebb4118\" data-element_type=\"widget\" data-e-type=\"widget\" data-widget_type=\"text-editor.default\">\n\t\t\t\t\t\t\t\t\t<p>Tarmmikrobiomet (\u00abtarmfloraen\u00bb) er et komplekst \u00f8kosystem av et rikt mangfold av mikrober, som varierer veldig fra person til person. Det kan derfor variere hvor lang tid det tar f\u00f8r man merker endring etter \u00e5 ha justert kosten. Hos noen g\u00e5r det raskt, hos andre kan det ta tid, men som hovedregel b\u00f8r man gi det et \u00e9n m\u00e5ned. N\u00f8yaktig hvordan endringen merkes, kan ogs\u00e5 variere. Noen melder om at det rumler litt i magen den f\u00f8rste tiden, og at magen f\u00f8les mindre hard. Kosttilskudd fungerer best n\u00e5r de tas fast over tid, og ikke som ad hoc-tiltak over kortere tidsrom. For \u00e5 sikre et rikt og stabilt\u00a0 mikrobe\u00f8kosystem, b\u00f8r man passe p\u00e5 mikrobene sine hver dag hele \u00e5ret. Opplever du langvarige og gjenstridige mageplager, b\u00f8r du g\u00e5 til legen for \u00e5 utelukke alvorlig sykdom.<\/p>\t\t\t\t\t\t\t\t<\/div>\n\t\t\t\t<\/div>\n\t\t\t\t\t<\/details>\n\t\t\t\t\t\t<details id=\"e-n-accordion-item-1058\" class=\"e-n-accordion-item\" >\n\t\t\t\t<summary class=\"e-n-accordion-item-title\" data-accordion-index=\"9\" tabindex=\"-1\" aria-expanded=\"false\" aria-controls=\"e-n-accordion-item-1058\" >\n\t\t\t\t\t<span class='e-n-accordion-item-title-header'><div class=\"e-n-accordion-item-title-text\"> Kan EderaGard<sup>\u00ae<\/sup> og EcoGard<sup>\u00ae<\/sup> kurere min sykdom\/tarmsykdom? <\/div><\/span>\n\t\t\t\t\t\t\t<span class='e-n-accordion-item-title-icon'>\n\t\t\t<span class='e-opened' ><i aria-hidden=\"true\" class=\"fas fa-chevron-up\"><\/i><\/span>\n\t\t\t<span class='e-closed'><i aria-hidden=\"true\" class=\"fas fa-chevron-down\"><\/i><\/span>\n\t\t<\/span>\n\n\t\t\t\t\t\t<\/summary>\n\t\t\t\t<div role=\"region\" aria-labelledby=\"e-n-accordion-item-1058\" class=\"elementor-element elementor-element-7ed79bf e-con-full e-flex e-con e-child\" data-id=\"7ed79bf\" data-element_type=\"container\" data-e-type=\"container\">\n\t\t\t\t<div class=\"elementor-element elementor-element-e71a994 elementor-widget elementor-widget-text-editor\" data-id=\"e71a994\" data-element_type=\"widget\" data-e-type=\"widget\" data-widget_type=\"text-editor.default\">\n\t\t\t\t\t\t\t\t\t<p>EderaGard<sup>\u00ae <\/sup>og EcoGard<sup>\u00ae <\/sup>er kosttilskudd \u2013 <em>ikke legemidler \u2013 <\/em>og er ment \u00e5 inng\u00e5 som en del av et variert kosthold og en sunn livsstil. Kosttilskudd skal ikke brukes til \u00e5 behandle eller kurere sykdom. Har du en sykdom, b\u00f8r du r\u00e5df\u00f8re deg med legen din.<\/p>\t\t\t\t\t\t\t\t<\/div>\n\t\t\t\t<\/div>\n\t\t\t\t\t<\/details>\n\t\t\t\t\t\t<details id=\"e-n-accordion-item-1059\" class=\"e-n-accordion-item\" >\n\t\t\t\t<summary class=\"e-n-accordion-item-title\" data-accordion-index=\"10\" tabindex=\"-1\" aria-expanded=\"false\" aria-controls=\"e-n-accordion-item-1059\" >\n\t\t\t\t\t<span class='e-n-accordion-item-title-header'><div class=\"e-n-accordion-item-title-text\"> Kan jeg ta EderaGard<sup>\u00ae<\/sup> og EcoGard<sup>\u00ae<\/sup> hvis jeg tar medisiner?  <\/div><\/span>\n\t\t\t\t\t\t\t<span class='e-n-accordion-item-title-icon'>\n\t\t\t<span class='e-opened' ><i aria-hidden=\"true\" class=\"fas fa-chevron-up\"><\/i><\/span>\n\t\t\t<span class='e-closed'><i aria-hidden=\"true\" class=\"fas fa-chevron-down\"><\/i><\/span>\n\t\t<\/span>\n\n\t\t\t\t\t\t<\/summary>\n\t\t\t\t<div role=\"region\" aria-labelledby=\"e-n-accordion-item-1059\" class=\"elementor-element elementor-element-ecc9873 e-con-full e-flex e-con e-child\" data-id=\"ecc9873\" data-element_type=\"container\" data-e-type=\"container\">\n\t\t\t\t<div class=\"elementor-element elementor-element-d4dbcf7 elementor-widget elementor-widget-text-editor\" data-id=\"d4dbcf7\" data-element_type=\"widget\" data-e-type=\"widget\" data-widget_type=\"text-editor.default\">\n\t\t\t\t\t\t\t\t\t<p>Hvis du bruker reseptbelagte legemidler b\u00f8r du informere legen din om bruk av kosttilskudd.<\/p>\t\t\t\t\t\t\t\t<\/div>\n\t\t\t\t<\/div>\n\t\t\t\t\t<\/details>\n\t\t\t\t\t\t<details id=\"e-n-accordion-item-10510\" class=\"e-n-accordion-item\" >\n\t\t\t\t<summary class=\"e-n-accordion-item-title\" data-accordion-index=\"11\" tabindex=\"-1\" aria-expanded=\"false\" aria-controls=\"e-n-accordion-item-10510\" >\n\t\t\t\t\t<span class='e-n-accordion-item-title-header'><div class=\"e-n-accordion-item-title-text\"> Kan jeg ta EderaGard<sup>\u00ae<\/sup> og EcoGard<sup>\u00ae<\/sup> hvis jeg er gravid?  <\/div><\/span>\n\t\t\t\t\t\t\t<span class='e-n-accordion-item-title-icon'>\n\t\t\t<span class='e-opened' ><i aria-hidden=\"true\" class=\"fas fa-chevron-up\"><\/i><\/span>\n\t\t\t<span class='e-closed'><i aria-hidden=\"true\" class=\"fas fa-chevron-down\"><\/i><\/span>\n\t\t<\/span>\n\n\t\t\t\t\t\t<\/summary>\n\t\t\t\t<div role=\"region\" aria-labelledby=\"e-n-accordion-item-10510\" class=\"elementor-element elementor-element-eb5dc38 e-con-full e-flex e-con e-child\" data-id=\"eb5dc38\" data-element_type=\"container\" data-e-type=\"container\">\n\t\t\t\t<div class=\"elementor-element elementor-element-b2936c7 elementor-widget elementor-widget-text-editor\" data-id=\"b2936c7\" data-element_type=\"widget\" data-e-type=\"widget\" data-widget_type=\"text-editor.default\">\n\t\t\t\t\t\t\t\t\t<p>Hvis du er gravid, b\u00f8r du informere legen din om bruk av kosttilskudd.<\/p>\t\t\t\t\t\t\t\t<\/div>\n\t\t\t\t<\/div>\n\t\t\t\t\t<\/details>\n\t\t\t\t\t\t<details id=\"e-n-accordion-item-10511\" class=\"e-n-accordion-item\" >\n\t\t\t\t<summary class=\"e-n-accordion-item-title\" data-accordion-index=\"12\" tabindex=\"-1\" aria-expanded=\"false\" aria-controls=\"e-n-accordion-item-10511\" >\n\t\t\t\t\t<span class='e-n-accordion-item-title-header'><div class=\"e-n-accordion-item-title-text\"> Kan jeg ta EderaGard<sup>\u00ae<\/sup> og EcoGard<sup>\u00ae<\/sup> hvis jeg har en allergi\/intoleranse? <\/div><\/span>\n\t\t\t\t\t\t\t<span class='e-n-accordion-item-title-icon'>\n\t\t\t<span class='e-opened' ><i aria-hidden=\"true\" class=\"fas fa-chevron-up\"><\/i><\/span>\n\t\t\t<span class='e-closed'><i aria-hidden=\"true\" class=\"fas fa-chevron-down\"><\/i><\/span>\n\t\t<\/span>\n\n\t\t\t\t\t\t<\/summary>\n\t\t\t\t<div role=\"region\" aria-labelledby=\"e-n-accordion-item-10511\" class=\"elementor-element elementor-element-072190f e-con-full e-flex e-con e-child\" data-id=\"072190f\" data-element_type=\"container\" data-e-type=\"container\">\n\t\t\t\t<div class=\"elementor-element elementor-element-86d840a elementor-widget elementor-widget-text-editor\" data-id=\"86d840a\" data-element_type=\"widget\" data-e-type=\"widget\" data-widget_type=\"text-editor.default\">\n\t\t\t\t\t\t\t\t\t<p>EderaGard<sup>\u00ae <\/sup>og EcoGard<sup>\u00ae<\/sup> inneholder ingen allergener. De aktive ingrediensene (fiberstoffene) i produktene passerer uford\u00f8yd gjennom ford\u00f8yelesekanalen og tas ikke opp av kroppen.<\/p>\t\t\t\t\t\t\t\t<\/div>\n\t\t\t\t<\/div>\n\t\t\t\t\t<\/details>\n\t\t\t\t\t<\/div>\n\t\t\t\t\t\t<\/div>\n\t\t\t\t<\/div>\n\t\t<div class=\"elementor-element elementor-element-75b39df e-con-full e-flex e-con e-child\" data-id=\"75b39df\" data-element_type=\"container\" data-e-type=\"container\">\n\t\t\t\t<div class=\"elementor-element elementor-element-a787aa8 elementor-widget elementor-widget-heading\" data-id=\"a787aa8\" data-element_type=\"widget\" data-e-type=\"widget\" data-widget_type=\"heading.default\">\n\t\t\t\t\t<h2 class=\"elementor-heading-title elementor-size-default\">Om bestilling og forsendelse<\/h2>\t\t\t\t<\/div>\n\t\t\t\t<div class=\"elementor-element elementor-element-d72cf43 elementor-widget__width-initial elementor-widget-mobile__width-inherit elementor-widget elementor-widget-n-accordion\" data-id=\"d72cf43\" data-element_type=\"widget\" data-e-type=\"widget\" data-settings=\"{&quot;default_state&quot;:&quot;all_collapsed&quot;,&quot;max_items_expended&quot;:&quot;one&quot;,&quot;n_accordion_animation_duration&quot;:{&quot;unit&quot;:&quot;ms&quot;,&quot;size&quot;:400,&quot;sizes&quot;:[]}}\" data-widget_type=\"nested-accordion.default\">\n\t\t\t\t\t\t\t<div class=\"e-n-accordion\" aria-label=\"Accordion. Open links with Enter or Space, close with Escape, and navigate with Arrow Keys\">\n\t\t\t\t\t\t<details id=\"e-n-accordion-item-2250\" class=\"e-n-accordion-item\" >\n\t\t\t\t<summary class=\"e-n-accordion-item-title\" data-accordion-index=\"1\" tabindex=\"0\" aria-expanded=\"false\" aria-controls=\"e-n-accordion-item-2250\" >\n\t\t\t\t\t<span class='e-n-accordion-item-title-header'><div class=\"e-n-accordion-item-title-text\"> Hvilke kj\u00f8psbetingelser gjelder n\u00e5r jeg handler i nettbutikken deres? <\/div><\/span>\n\t\t\t\t\t\t\t<span class='e-n-accordion-item-title-icon'>\n\t\t\t<span class='e-opened' ><i aria-hidden=\"true\" class=\"fas fa-chevron-up\"><\/i><\/span>\n\t\t\t<span class='e-closed'><i aria-hidden=\"true\" class=\"fas fa-chevron-down\"><\/i><\/span>\n\t\t<\/span>\n\n\t\t\t\t\t\t<\/summary>\n\t\t\t\t<div role=\"region\" aria-labelledby=\"e-n-accordion-item-2250\" class=\"elementor-element elementor-element-78fd7f1 e-con-full e-flex e-con e-child\" data-id=\"78fd7f1\" data-element_type=\"container\" data-e-type=\"container\">\n\t\t\t\t<div class=\"elementor-element elementor-element-7ebd182 elementor-widget elementor-widget-text-editor\" data-id=\"7ebd182\" data-element_type=\"widget\" data-e-type=\"widget\" data-widget_type=\"text-editor.default\">\n\t\t\t\t\t\t\t\t\t<p>Kj\u00f8psbetingelsene v\u00e5re finner du <a href=\"https:\/\/ederagenhelse.no\/ny2026\/kjopsbetingelser\/\"><u>her<\/u><\/a>. Det er alltid lurt \u00e5 sjekke kj\u00f8psbetingelsene n\u00e5r man handler i nettbutikker.<\/p>\t\t\t\t\t\t\t\t<\/div>\n\t\t\t\t<\/div>\n\t\t\t\t\t<\/details>\n\t\t\t\t\t\t<details id=\"e-n-accordion-item-2251\" class=\"e-n-accordion-item\" >\n\t\t\t\t<summary class=\"e-n-accordion-item-title\" data-accordion-index=\"2\" tabindex=\"-1\" aria-expanded=\"false\" aria-controls=\"e-n-accordion-item-2251\" >\n\t\t\t\t\t<span class='e-n-accordion-item-title-header'><div class=\"e-n-accordion-item-title-text\"> Kan jeg handle EderaGard<sup>\u00ae<\/sup> og\/eller EcoGard<sup>\u00ae<\/sup> n\u00e5r jeg selv vil, eller m\u00e5 jeg ha et abonnement? <\/div><\/span>\n\t\t\t\t\t\t\t<span class='e-n-accordion-item-title-icon'>\n\t\t\t<span class='e-opened' ><i aria-hidden=\"true\" class=\"fas fa-chevron-up\"><\/i><\/span>\n\t\t\t<span class='e-closed'><i aria-hidden=\"true\" class=\"fas fa-chevron-down\"><\/i><\/span>\n\t\t<\/span>\n\n\t\t\t\t\t\t<\/summary>\n\t\t\t\t<div role=\"region\" aria-labelledby=\"e-n-accordion-item-2251\" class=\"elementor-element elementor-element-98cf0aa e-con-full e-flex e-con e-child\" data-id=\"98cf0aa\" data-element_type=\"container\" data-e-type=\"container\">\n\t\t\t\t<div class=\"elementor-element elementor-element-3b90513 elementor-widget elementor-widget-text-editor\" data-id=\"3b90513\" data-element_type=\"widget\" data-e-type=\"widget\" data-widget_type=\"text-editor.default\">\n\t\t\t\t\t\t\t\t\t<p>Hos oss kan du kj\u00f8pe hvor mange kosttilskudd du vil, s\u00e5 ofte du selv \u00f8nsker og n\u00e5r du har behov for det. Du beh\u00f8ver ikke \u00e5 abonnere om du ikke \u00f8nsker det. Dette velger du selv n\u00e5r du legger inn bestillingen din. Da krysser du av for om du vil kj\u00f8pe produktet \u00e9n gang eller om du vil abonnere.<\/p>\t\t\t\t\t\t\t\t<\/div>\n\t\t\t\t<\/div>\n\t\t\t\t\t<\/details>\n\t\t\t\t\t\t<details id=\"e-n-accordion-item-2252\" class=\"e-n-accordion-item\" >\n\t\t\t\t<summary class=\"e-n-accordion-item-title\" data-accordion-index=\"3\" tabindex=\"-1\" aria-expanded=\"false\" aria-controls=\"e-n-accordion-item-2252\" >\n\t\t\t\t\t<span class='e-n-accordion-item-title-header'><div class=\"e-n-accordion-item-title-text\"> Jeg vurderer \u00e5 abonnere p\u00e5 EderaGard<sup>\u00ae<\/sup> og\/eller EcoGard<sup>\u00ae<\/sup>. Hvor lenge varer et abonnement? Er det bindingstid?  <\/div><\/span>\n\t\t\t\t\t\t\t<span class='e-n-accordion-item-title-icon'>\n\t\t\t<span class='e-opened' ><i aria-hidden=\"true\" class=\"fas fa-chevron-up\"><\/i><\/span>\n\t\t\t<span class='e-closed'><i aria-hidden=\"true\" class=\"fas fa-chevron-down\"><\/i><\/span>\n\t\t<\/span>\n\n\t\t\t\t\t\t<\/summary>\n\t\t\t\t<div role=\"region\" aria-labelledby=\"e-n-accordion-item-2252\" class=\"elementor-element elementor-element-433d84b e-con-full e-flex e-con e-child\" data-id=\"433d84b\" data-element_type=\"container\" data-e-type=\"container\">\n\t\t\t\t<div class=\"elementor-element elementor-element-2c6eab8 elementor-widget elementor-widget-text-editor\" data-id=\"2c6eab8\" data-element_type=\"widget\" data-e-type=\"widget\" data-widget_type=\"text-editor.default\">\n\t\t\t\t\t\t\t\t\t<p>N\u00e5r du bestiller, krysser du av for om du vil kj\u00f8pe kosttilskuddet \u00e9n gang eller om du vil abonnere. Abonnementet varer til du selv gir oss beskjed om at du vil si det opp. Det er ingen bindingstid.<\/p><p>Hvis du abonnerer p\u00e5 EcoGard<sup>\u00ae<\/sup>, f\u00e5r du kosttilskuddet tilsendt hver andre m\u00e5ned, siden \u00e9n pakke normalt varer i to m\u00e5neder.<\/p><p>Hvis du abonnerer p\u00e5 EderaGard<sup>\u00ae<\/sup>, kan du velge mellom forsendelse hver tredje uke, hver fjerde uke (m\u00e5nedlig) eller hver femte uke.<\/p><p>Du kan alltids pause abonnementet, hvis du har behov for det, for eksempel hvis du har glemt \u00e5 ta kosttilskuddet en periode eller det av andre grunner har hopet seg opp litt. Dette gj\u00f8r du selv, ved \u00e5 logge inn p\u00e5 nettsiden.<\/p>\t\t\t\t\t\t\t\t<\/div>\n\t\t\t\t<\/div>\n\t\t\t\t\t<\/details>\n\t\t\t\t\t\t<details id=\"e-n-accordion-item-2253\" class=\"e-n-accordion-item\" >\n\t\t\t\t<summary class=\"e-n-accordion-item-title\" data-accordion-index=\"4\" tabindex=\"-1\" aria-expanded=\"false\" aria-controls=\"e-n-accordion-item-2253\" >\n\t\t\t\t\t<span class='e-n-accordion-item-title-header'><div class=\"e-n-accordion-item-title-text\"> Jeg f\u00e5r ikke til \u00e5 bestille. Hva er galt?  <\/div><\/span>\n\t\t\t\t\t\t\t<span class='e-n-accordion-item-title-icon'>\n\t\t\t<span class='e-opened' ><i aria-hidden=\"true\" class=\"fas fa-chevron-up\"><\/i><\/span>\n\t\t\t<span class='e-closed'><i aria-hidden=\"true\" class=\"fas fa-chevron-down\"><\/i><\/span>\n\t\t<\/span>\n\n\t\t\t\t\t\t<\/summary>\n\t\t\t\t<div role=\"region\" aria-labelledby=\"e-n-accordion-item-2253\" class=\"elementor-element elementor-element-fa1f071 e-con-full e-flex e-con e-child\" data-id=\"fa1f071\" data-element_type=\"container\" data-e-type=\"container\">\n\t\t\t\t<div class=\"elementor-element elementor-element-1b493d5 elementor-widget elementor-widget-text-editor\" data-id=\"1b493d5\" data-element_type=\"widget\" data-e-type=\"widget\" data-widget_type=\"text-editor.default\">\n\t\t\t\t\t\t\t\t\t<p>De aller fleste ordrer registreres og ekspederes heldigvis problemfritt. Det hender likevel at kunder strever med selve betalingen, og da skyldes det som oftest at noe har blitt feil i forbindelse med utfyllingen. V\u00e5rt beste r\u00e5d er \u00e5 vente litt og pr\u00f8ve p\u00e5 nytt, og eventuelt fors\u00f8ke fra en annet enhet, feks PC i stedet for mobil, eller omvendt.<\/p><p>Hvis det ikke er dekning p\u00e5 betalingskortet eller Vipps-en som benyttes ved bestilling, g\u00e5r ikke ordren igjennom. Ordren blir likevel registrert hos oss, men den blir st\u00e5ende med status \u00abavventer betaling\u00bb. Dersom kunden s\u00f8rger for dekning p\u00e5 betalingskortet\/Vipps, vil ordren automatisk endre status hos oss, slik at vi kan ekspedere den. Hvis ordren blir st\u00e5ende med status \u00abavventer betaling\u00bb i noen dager, vil vi kontakte kunden per epost s\u00e5 vi sammen kan finne ut hva som har skjedd.<\/p>\t\t\t\t\t\t\t\t<\/div>\n\t\t\t\t<\/div>\n\t\t\t\t\t<\/details>\n\t\t\t\t\t\t<details id=\"e-n-accordion-item-2254\" class=\"e-n-accordion-item\" >\n\t\t\t\t<summary class=\"e-n-accordion-item-title\" data-accordion-index=\"5\" tabindex=\"-1\" aria-expanded=\"false\" aria-controls=\"e-n-accordion-item-2254\" >\n\t\t\t\t\t<span class='e-n-accordion-item-title-header'><div class=\"e-n-accordion-item-title-text\"> Jeg vi gjerne benytte en rabattkode som jeg har f\u00e5tt!  <\/div><\/span>\n\t\t\t\t\t\t\t<span class='e-n-accordion-item-title-icon'>\n\t\t\t<span class='e-opened' ><i aria-hidden=\"true\" class=\"fas fa-chevron-up\"><\/i><\/span>\n\t\t\t<span class='e-closed'><i aria-hidden=\"true\" class=\"fas fa-chevron-down\"><\/i><\/span>\n\t\t<\/span>\n\n\t\t\t\t\t\t<\/summary>\n\t\t\t\t<div role=\"region\" aria-labelledby=\"e-n-accordion-item-2254\" class=\"elementor-element elementor-element-20fa5bf e-con-full e-flex e-con e-child\" data-id=\"20fa5bf\" data-element_type=\"container\" data-e-type=\"container\">\n\t\t\t\t<div class=\"elementor-element elementor-element-28c57e4 elementor-widget elementor-widget-text-editor\" data-id=\"28c57e4\" data-element_type=\"widget\" data-e-type=\"widget\" data-widget_type=\"text-editor.default\">\n\t\t\t\t\t\t\t\t\t<p>Det hender vi tilbyr rabattkoder i forbindelse med podcaster, kampanjer eller ved andre anledninger. Rabattkoder har begrenset varighet og kan som regel brukes bare \u00e9n gang; dette opplyses det om der man finner rabattkoden. Hvis rabattkoden du har f\u00e5tt, ikke virker, er det enten fordi den er g\u00e5tt ut p\u00e5 dato eller fordi den allerede er benyttet.<\/p><p>N\u00e5r du vil benytte rabattkoden din i forbindelse med en bestilling, er det viktig at du unng\u00e5r \u00e5 g\u00e5 frem-og-tilbake i nettleseren under bestillingen, og at du passer p\u00e5 \u00e5 ikke forlate nettsiden (\u00abg\u00e5 tilbake\u00bb) f\u00f8r du har f\u00e5tt bekreftet at bestillingen er g\u00e5tt gjennom. (Dersom man g\u00e5r for mye fram-og-tilbake under bestilling kan det rett og slett skje at handelssystemet registrerer rabattkoden som brukt, uten at handelen er gjennomf\u00f8rt, og det vil vi jo ikke at skal skje.)<\/p>\t\t\t\t\t\t\t\t<\/div>\n\t\t\t\t<\/div>\n\t\t\t\t\t<\/details>\n\t\t\t\t\t\t<details id=\"e-n-accordion-item-2255\" class=\"e-n-accordion-item\" >\n\t\t\t\t<summary class=\"e-n-accordion-item-title\" data-accordion-index=\"6\" tabindex=\"-1\" aria-expanded=\"false\" aria-controls=\"e-n-accordion-item-2255\" >\n\t\t\t\t\t<span class='e-n-accordion-item-title-header'><div class=\"e-n-accordion-item-title-text\"> Hvordan sendes kosttilskuddet til meg? M\u00e5 jeg p\u00e5 post-i-butikk for \u00e5 hente pakken? Kan jeg spore pakken min? <\/div><\/span>\n\t\t\t\t\t\t\t<span class='e-n-accordion-item-title-icon'>\n\t\t\t<span class='e-opened' ><i aria-hidden=\"true\" class=\"fas fa-chevron-up\"><\/i><\/span>\n\t\t\t<span class='e-closed'><i aria-hidden=\"true\" class=\"fas fa-chevron-down\"><\/i><\/span>\n\t\t<\/span>\n\n\t\t\t\t\t\t<\/summary>\n\t\t\t\t<div role=\"region\" aria-labelledby=\"e-n-accordion-item-2255\" class=\"elementor-element elementor-element-8f85eac e-con-full e-flex e-con e-child\" data-id=\"8f85eac\" data-element_type=\"container\" data-e-type=\"container\">\n\t\t\t\t<div class=\"elementor-element elementor-element-4164f00 elementor-widget elementor-widget-text-editor\" data-id=\"4164f00\" data-element_type=\"widget\" data-e-type=\"widget\" data-widget_type=\"text-editor.default\">\n\t\t\t\t\t\t\t\t\t<p>Vi bruker Posten, og alle forsendelsene v\u00e5re g\u00e5r som ordin\u00e6r \u00abpost\u00bb, det vil si som vanlig brevpost uten sporing. Pakken kommer da rett til postkassen din, og du beh\u00f8ver ikke dra til postkontoret eller Postens hentested. Siden pakken sendes som brevpost, f\u00e5r den ikke sporingnummer. (Unntak kan gj\u00f8res ved st\u00f8rre\/kostbare forsendelser.) Heldigvis er det veldig sjelden at forsendelser med Posten kommer bort.<\/p><p>Noen ganger f\u00e5r vi forsendelser i retur. Dette skyldes enten at kunden har flyttet til ny adresse og ikke gitt oss beskjed, eller at postbudet ikke finner postkassen p\u00e5 grunn av d\u00e5rlig eller manglende merking. De gangene dette skjer, tar vi kontakt med kunden p\u00e5 epost, s\u00e5 vi f\u00e5r en bekreftelse p\u00e5 korrekt leveringsadresse.<\/p>\t\t\t\t\t\t\t\t<\/div>\n\t\t\t\t<\/div>\n\t\t\t\t\t<\/details>\n\t\t\t\t\t\t<details id=\"e-n-accordion-item-2256\" class=\"e-n-accordion-item\" >\n\t\t\t\t<summary class=\"e-n-accordion-item-title\" data-accordion-index=\"7\" tabindex=\"-1\" aria-expanded=\"false\" aria-controls=\"e-n-accordion-item-2256\" >\n\t\t\t\t\t<span class='e-n-accordion-item-title-header'><div class=\"e-n-accordion-item-title-text\"> Hvor lang tid tar postgangen?  <\/div><\/span>\n\t\t\t\t\t\t\t<span class='e-n-accordion-item-title-icon'>\n\t\t\t<span class='e-opened' ><i aria-hidden=\"true\" class=\"fas fa-chevron-up\"><\/i><\/span>\n\t\t\t<span class='e-closed'><i aria-hidden=\"true\" class=\"fas fa-chevron-down\"><\/i><\/span>\n\t\t<\/span>\n\n\t\t\t\t\t\t<\/summary>\n\t\t\t\t<div role=\"region\" aria-labelledby=\"e-n-accordion-item-2256\" class=\"elementor-element elementor-element-0cc4a64 e-con-full e-flex e-con e-child\" data-id=\"0cc4a64\" data-element_type=\"container\" data-e-type=\"container\">\n\t\t\t\t<div class=\"elementor-element elementor-element-659d94b elementor-widget elementor-widget-text-editor\" data-id=\"659d94b\" data-element_type=\"widget\" data-e-type=\"widget\" data-widget_type=\"text-editor.default\">\n\t\t\t\t\t\t\t\t\t<p>Alle ordrer ekspederes og sendes fra lageret v\u00e5rt i Bergen. Forsendelsene g\u00e5r som ordin\u00e6r \u00abpost\u00bb (vanlig brevpost uten sporingsnummer), som if\u00f8lge Postens m\u00e5lsetting skal n\u00e5 frem p\u00e5 bare to virkedager over hele landet. Erfaringsmessig vet vi at postgangen ofte til tar litt lenger tid enn dette, og at den er avhengig av Postens rutiner inkludert postomb\u00e6ringen der du bor. Om det skulle ta uforholdsmessig lang tid og du enn\u00e5 ikke har mottatt bestillingen din, s\u00e5 ta kontakt med oss via <a href=\"https:\/\/ederagenhelse.no\/ny2026\/kontakt-oss\/\"><u>kontaktskjemaet<\/u><\/a>. Husk \u00e5 oppgi ordrenummer i henvendelsen din.\u00a0<\/p>\t\t\t\t\t\t\t\t<\/div>\n\t\t\t\t<\/div>\n\t\t\t\t\t<\/details>\n\t\t\t\t\t\t<details id=\"e-n-accordion-item-2257\" class=\"e-n-accordion-item\" >\n\t\t\t\t<summary class=\"e-n-accordion-item-title\" data-accordion-index=\"8\" tabindex=\"-1\" aria-expanded=\"false\" aria-controls=\"e-n-accordion-item-2257\" >\n\t\t\t\t\t<span class='e-n-accordion-item-title-header'><div class=\"e-n-accordion-item-title-text\"> Kan jeg f\u00e5 kosttilskuddene mine sendt til en annen adresse midlertidig, f.eks. n\u00e5r jeg er p\u00e5 ferie eller p\u00e5 hytta? <\/div><\/span>\n\t\t\t\t\t\t\t<span class='e-n-accordion-item-title-icon'>\n\t\t\t<span class='e-opened' ><i aria-hidden=\"true\" class=\"fas fa-chevron-up\"><\/i><\/span>\n\t\t\t<span class='e-closed'><i aria-hidden=\"true\" class=\"fas fa-chevron-down\"><\/i><\/span>\n\t\t<\/span>\n\n\t\t\t\t\t\t<\/summary>\n\t\t\t\t<div role=\"region\" aria-labelledby=\"e-n-accordion-item-2257\" class=\"elementor-element elementor-element-7b117a4 e-con-full e-flex e-con e-child\" data-id=\"7b117a4\" data-element_type=\"container\" data-e-type=\"container\">\n\t\t\t\t<div class=\"elementor-element elementor-element-9d54cd1 elementor-widget elementor-widget-text-editor\" data-id=\"9d54cd1\" data-element_type=\"widget\" data-e-type=\"widget\" data-widget_type=\"text-editor.default\">\n\t\t\t\t\t\t\t\t\t<p>Du kan skrive inn den midlertidige adressen din i feltet for NOTAT n\u00e5r du bestiller, s\u00e5 sender vi enkeltbestillinger dit. Ikke glem \u00e5 slette notatet f\u00f8r neste bestilling! Du kan ogs\u00e5 kontakte oss p\u00e5 epost <span style=\"text-decoration: underline;\"><a href=\"mailto:mail@ederagenhelse.no\">mail@ederagenhelse.no<\/a><\/span>, s\u00e5 hjelper vi deg. Hvis du er abonnent hos oss, s\u00e5 anbefaler vi at du ikke endrer adressen du st\u00e5r opp oppf\u00f8rt med, rett og slett fordi det er s\u00e5 lett \u00e5 glemme at den m\u00e5 endres tilbake etterp\u00e5, og da havner kosttilskuddene p\u00e5 feil sted. for alternative\/midlertidige adresser. Selv liker vi \u00e5 v\u00e6re p\u00e5 den sikre siden n\u00e5r vi skal p\u00e5 reise og passer derfor p\u00e5 \u00e5 alltid pakke med oss tilstrekkelig med kosttilskudd i bagasjen.<\/p>\t\t\t\t\t\t\t\t<\/div>\n\t\t\t\t<\/div>\n\t\t\t\t\t<\/details>\n\t\t\t\t\t\t<details id=\"e-n-accordion-item-2258\" class=\"e-n-accordion-item\" >\n\t\t\t\t<summary class=\"e-n-accordion-item-title\" data-accordion-index=\"9\" tabindex=\"-1\" aria-expanded=\"false\" aria-controls=\"e-n-accordion-item-2258\" >\n\t\t\t\t\t<span class='e-n-accordion-item-title-header'><div class=\"e-n-accordion-item-title-text\"> Jeg la inn en stor bestilling, men jeg har bare mottatt deler av den. Hva har skjedd?   <\/div><\/span>\n\t\t\t\t\t\t\t<span class='e-n-accordion-item-title-icon'>\n\t\t\t<span class='e-opened' ><i aria-hidden=\"true\" class=\"fas fa-chevron-up\"><\/i><\/span>\n\t\t\t<span class='e-closed'><i aria-hidden=\"true\" class=\"fas fa-chevron-down\"><\/i><\/span>\n\t\t<\/span>\n\n\t\t\t\t\t\t<\/summary>\n\t\t\t\t<div role=\"region\" aria-labelledby=\"e-n-accordion-item-2258\" class=\"elementor-element elementor-element-da693f9 e-con-full e-flex e-con e-child\" data-id=\"da693f9\" data-element_type=\"container\" data-e-type=\"container\">\n\t\t\t\t<div class=\"elementor-element elementor-element-9031816 elementor-widget elementor-widget-text-editor\" data-id=\"9031816\" data-element_type=\"widget\" data-e-type=\"widget\" data-widget_type=\"text-editor.default\">\n\t\t\t\t\t\t\t\t\t<p>Alle ordrer sendes fra lageret v\u00e5rt i standard postesker som rommer inntil to kosttilskuddpakker per eske. Hvis du har bestilt mer enn to kosttilskudd, blir disse fordelt p\u00e5 flere postesker med to kosttilskuddpakker i hver. Det er ikke uvanlig at disse posteskene kommer til postkassen din p\u00e5 forskjellige dager selv om de sendes samtidig fra oss.<\/p>\t\t\t\t\t\t\t\t<\/div>\n\t\t\t\t<\/div>\n\t\t\t\t\t<\/details>\n\t\t\t\t\t\t<details id=\"e-n-accordion-item-2259\" class=\"e-n-accordion-item\" >\n\t\t\t\t<summary class=\"e-n-accordion-item-title\" data-accordion-index=\"10\" tabindex=\"-1\" aria-expanded=\"false\" aria-controls=\"e-n-accordion-item-2259\" >\n\t\t\t\t\t<span class='e-n-accordion-item-title-header'><div class=\"e-n-accordion-item-title-text\"> Det ligger et angreskjema med forsendelsen, hvor det st\u00e5r referert til en \u00abavtale\u00bb. Betyr dette at jeg har inng\u00e5tt avtale om abonnement?  <\/div><\/span>\n\t\t\t\t\t\t\t<span class='e-n-accordion-item-title-icon'>\n\t\t\t<span class='e-opened' ><i aria-hidden=\"true\" class=\"fas fa-chevron-up\"><\/i><\/span>\n\t\t\t<span class='e-closed'><i aria-hidden=\"true\" class=\"fas fa-chevron-down\"><\/i><\/span>\n\t\t<\/span>\n\n\t\t\t\t\t\t<\/summary>\n\t\t\t\t<div role=\"region\" aria-labelledby=\"e-n-accordion-item-2259\" class=\"elementor-element elementor-element-f2c5538 e-con-full e-flex e-con e-child\" data-id=\"f2c5538\" data-element_type=\"container\" data-e-type=\"container\">\n\t\t\t\t<div class=\"elementor-element elementor-element-debc6d0 elementor-widget elementor-widget-text-editor\" data-id=\"debc6d0\" data-element_type=\"widget\" data-e-type=\"widget\" data-widget_type=\"text-editor.default\">\n\t\t\t\t\t\t\t\t\t<p>N\u00e5r du handler p\u00e5 nett, har du automatisk 14 dagers angrerett, og vi er p\u00e5lagt av myndighetene \u00e5 informere deg om dette i form av et \u00abAngreskjema\u00bb. Ordlyden i angreskjemaet er bestemt av myndighetene og inneholder ordet \u00abavtale\u00bb. Dette hender det at kunder mistolker, og de tar av og til kontakt med oss fordi de er urolige for at de uforvarende har inng\u00e5tt avtale om et abonnement. Vi kan berolige med at angreskjemaet gjelder for bestillingen som er gjort. Har du foretatt en enkeltbestilling og ikke bestilt et abonnement, s\u00e5 er det ogs\u00e5 bare denne enkeltbestillingen angreskjemaet gjelder for.<\/p>\t\t\t\t\t\t\t\t<\/div>\n\t\t\t\t<\/div>\n\t\t\t\t\t<\/details>\n\t\t\t\t\t<\/div>\n\t\t\t\t\t\t<\/div>\n\t\t\t\t<\/div>\n\t\t<div class=\"elementor-element elementor-element-cf399ca e-con-full e-flex e-con e-child\" data-id=\"cf399ca\" data-element_type=\"container\" data-e-type=\"container\">\n\t\t\t\t<div class=\"elementor-element elementor-element-64a786f elementor-widget elementor-widget-heading\" data-id=\"64a786f\" data-element_type=\"widget\" data-e-type=\"widget\" data-widget_type=\"heading.default\">\n\t\t\t\t\t<h2 class=\"elementor-heading-title elementor-size-default\">Annet<\/h2>\t\t\t\t<\/div>\n\t\t\t\t<div class=\"elementor-element elementor-element-4d75447 elementor-widget__width-initial elementor-widget-mobile__width-inherit elementor-widget elementor-widget-n-accordion\" data-id=\"4d75447\" data-element_type=\"widget\" data-e-type=\"widget\" data-settings=\"{&quot;default_state&quot;:&quot;all_collapsed&quot;,&quot;max_items_expended&quot;:&quot;one&quot;,&quot;n_accordion_animation_duration&quot;:{&quot;unit&quot;:&quot;ms&quot;,&quot;size&quot;:400,&quot;sizes&quot;:[]}}\" data-widget_type=\"nested-accordion.default\">\n\t\t\t\t\t\t\t<div class=\"e-n-accordion\" aria-label=\"Accordion. Open links with Enter or Space, close with Escape, and navigate with Arrow Keys\">\n\t\t\t\t\t\t<details id=\"e-n-accordion-item-8120\" class=\"e-n-accordion-item\" >\n\t\t\t\t<summary class=\"e-n-accordion-item-title\" data-accordion-index=\"1\" tabindex=\"0\" aria-expanded=\"false\" aria-controls=\"e-n-accordion-item-8120\" >\n\t\t\t\t\t<span class='e-n-accordion-item-title-header'><div class=\"e-n-accordion-item-title-text\"> Kan jeg f\u00e5 v\u00e6re med \u00e5 pr\u00f8ve EderaGard<sup>\u00ae<\/sup> og EcoGard<sup>\u00ae<\/sup>? <\/div><\/span>\n\t\t\t\t\t\t\t<span class='e-n-accordion-item-title-icon'>\n\t\t\t<span class='e-opened' ><i aria-hidden=\"true\" class=\"fas fa-chevron-up\"><\/i><\/span>\n\t\t\t<span class='e-closed'><i aria-hidden=\"true\" class=\"fas fa-chevron-down\"><\/i><\/span>\n\t\t<\/span>\n\n\t\t\t\t\t\t<\/summary>\n\t\t\t\t<div role=\"region\" aria-labelledby=\"e-n-accordion-item-8120\" class=\"elementor-element elementor-element-880dee4 e-con-full e-flex e-con e-child\" data-id=\"880dee4\" data-element_type=\"container\" data-e-type=\"container\">\n\t\t\t\t<div class=\"elementor-element elementor-element-282a81e elementor-widget elementor-widget-text-editor\" data-id=\"282a81e\" data-element_type=\"widget\" data-e-type=\"widget\" data-widget_type=\"text-editor.default\">\n\t\t\t\t\t\t\t\t\t<p>Fra tid til annen gj\u00f8r vi markedsunders\u00f8kelser hvor vi inviterer et begrenset antall personer til v\u00e5rt Erfarings- og kompetansepanel. Disse markedsunders\u00f8kelsene gjennomf\u00f8res som oftest p\u00e5 seinh\u00f8sten\/vinteren og blir annonsert her p\u00e5 nettsiden v\u00e5r og i sosiale medier i god tid, slik at de som \u00f8nsker \u00e5 v\u00e6re med, kan melde sin interesse.<\/p>\t\t\t\t\t\t\t\t<\/div>\n\t\t\t\t<\/div>\n\t\t\t\t\t<\/details>\n\t\t\t\t\t\t<details id=\"e-n-accordion-item-8121\" class=\"e-n-accordion-item\" >\n\t\t\t\t<summary class=\"e-n-accordion-item-title\" data-accordion-index=\"2\" tabindex=\"-1\" aria-expanded=\"false\" aria-controls=\"e-n-accordion-item-8121\" >\n\t\t\t\t\t<span class='e-n-accordion-item-title-header'><div class=\"e-n-accordion-item-title-text\"> Er det gjort kliniske studier med EderaGard<sup>\u00ae<\/sup> og EcoGard<sup>\u00ae<\/sup>? <\/div><\/span>\n\t\t\t\t\t\t\t<span class='e-n-accordion-item-title-icon'>\n\t\t\t<span class='e-opened' ><i aria-hidden=\"true\" class=\"fas fa-chevron-up\"><\/i><\/span>\n\t\t\t<span class='e-closed'><i aria-hidden=\"true\" class=\"fas fa-chevron-down\"><\/i><\/span>\n\t\t<\/span>\n\n\t\t\t\t\t\t<\/summary>\n\t\t\t\t<div role=\"region\" aria-labelledby=\"e-n-accordion-item-8121\" class=\"elementor-element elementor-element-b1bdb4b e-con-full e-flex e-con e-child\" data-id=\"b1bdb4b\" data-element_type=\"container\" data-e-type=\"container\">\n\t\t\t\t<div class=\"elementor-element elementor-element-32697d8 elementor-widget elementor-widget-text-editor\" data-id=\"32697d8\" data-element_type=\"widget\" data-e-type=\"widget\" data-widget_type=\"text-editor.default\">\n\t\t\t\t\t\t\t\t\t<p>EderaGard<sup>\u00ae <\/sup>og EcoGard<sup>\u00ae <\/sup>er kosttilskudd. Kosttilskudd inneholder vanlige ingredienser og mikron\u00e6ringsstoffer som er trygge i bruk og regulert som mat\/n\u00e6ringsmiddel. Det er derfor ikke n\u00f8dvendig \u00e5 utf\u00f8re kliniske studier p\u00e5 kosttilskudd p\u00e5 samme m\u00e5te som man m\u00e5 for industrifremstilte legemidler med ny\/ukjent farmakologisk virkning. EderaGard<sup>\u00ae <\/sup>og EcoGard<sup>\u00ae<\/sup> tilfredsstiller alle krav til kosttilskudd, og vi utf\u00f8rer ikke studier eller testing p\u00e5 mennesker.<\/p>\t\t\t\t\t\t\t\t<\/div>\n\t\t\t\t<\/div>\n\t\t\t\t\t<\/details>\n\t\t\t\t\t\t<details id=\"e-n-accordion-item-8122\" class=\"e-n-accordion-item\" >\n\t\t\t\t<summary class=\"e-n-accordion-item-title\" data-accordion-index=\"3\" tabindex=\"-1\" aria-expanded=\"false\" aria-controls=\"e-n-accordion-item-8122\" >\n\t\t\t\t\t<span class='e-n-accordion-item-title-header'><div class=\"e-n-accordion-item-title-text\"> Hvilken dokumentasjon har dere?  <\/div><\/span>\n\t\t\t\t\t\t\t<span class='e-n-accordion-item-title-icon'>\n\t\t\t<span class='e-opened' ><i aria-hidden=\"true\" class=\"fas fa-chevron-up\"><\/i><\/span>\n\t\t\t<span class='e-closed'><i aria-hidden=\"true\" class=\"fas fa-chevron-down\"><\/i><\/span>\n\t\t<\/span>\n\n\t\t\t\t\t\t<\/summary>\n\t\t\t\t<div role=\"region\" aria-labelledby=\"e-n-accordion-item-8122\" class=\"elementor-element elementor-element-86c13dc e-con-full e-flex e-con e-child\" data-id=\"86c13dc\" data-element_type=\"container\" data-e-type=\"container\">\n\t\t\t\t<div class=\"elementor-element elementor-element-5a414e0 elementor-widget elementor-widget-text-editor\" data-id=\"5a414e0\" data-element_type=\"widget\" data-e-type=\"widget\" data-widget_type=\"text-editor.default\">\n\t\t\t\t\t\t\t\t\t<p>Beta-1,3\/1,6-glukanene i EcoGard<sup>\u00ae<\/sup> har v\u00e6rt i bruk som immunstyrkende middel verden over mer enn 30 \u00e5r. Betaglukanet er karakterisert i detalj og har v\u00e6rt gjenstand for utallige vitenskapelige studier, som er \u00e5 finne i internasjonale tidsskriftdatabaser. Betaglukanet er godkjent under EUs NovelFood-regelverk og er GRAS (generally recognized as safe) i USA.<\/p><p>EderaGard\u00ae inneholder en kombinasjon av svart jordstoff (huminsyre) og beta-1,3\/1,6-glukan, to fiberstoffer som finnes naturlig i gammel skogsjord. Kombinasjonen av disse to fiberstoffene har vist seg \u00e5 regulere \u00f8kosystemet av tarmbakterier p\u00e5 en positiv m\u00e5te, som beskrevet i patentet som er innvilget og tilgjengelig p\u00e5 Patentstyret sine nettsider.<\/p>\t\t\t\t\t\t\t\t<\/div>\n\t\t\t\t<\/div>\n\t\t\t\t\t<\/details>\n\t\t\t\t\t<\/div>\n\t\t\t\t\t\t<\/div>\n\t\t\t\t<\/div>\n\t\t\t\t\t<\/div>\n\t\t\t\t<\/div>\n\t\t\t\t<\/div>\n\t\t","protected":false},"excerpt":{"rendered":"<p>Sp\u00f8rsm\u00e5l og svar Om kosttilskuddene Hva er forskjellen p\u00e5 EderaGard\u00ae og EcoGard\u00ae? EderaGard\u00ae er et kosttilskudd for tarmen. EderaGard\u00ae inneholder huminsyre og beta-1,3\/1,6-glukan, som i kombinasjon har vist seg \u00e5 regulere \u00f8kosystemet av tarmbakterier p\u00e5 en positiv m\u00e5te. EcoGard\u00ae er et kosttilsskudd for immunforsvaret. EcoGard\u00ae inneholder rent beta-1,3\/1,6-glukan fra bakegj\u00e6r (Saccharomyces cerevisiae), et naturlig polysakkarid [&hellip;]<\/p>\n","protected":false},"author":1,"featured_media":0,"parent":0,"menu_order":0,"comment_status":"closed","ping_status":"closed","template":"elementor_header_footer","meta":{"footnotes":""},"class_list":["post-10321","page","type-page","status-publish","hentry"],"yoast_head":"<!-- This site is optimized with the Yoast SEO plugin v27.4 - https:\/\/yoast.com\/product\/yoast-seo-wordpress\/ -->\n<title>FAQ - Ederagen Helse<\/title>\n<meta name=\"robots\" content=\"noindex, follow, max-snippet:-1, max-image-preview:large, max-video-preview:-1\" \/>\n<meta property=\"og:locale\" content=\"nb_NO\" \/>\n<meta property=\"og:type\" content=\"article\" \/>\n<meta property=\"og:title\" content=\"FAQ - Ederagen Helse\" \/>\n<meta property=\"og:description\" content=\"Sp\u00f8rsm\u00e5l og svar Om kosttilskuddene Hva er forskjellen p\u00e5 EderaGard\u00ae og EcoGard\u00ae? EderaGard\u00ae er et kosttilskudd for tarmen. EderaGard\u00ae inneholder huminsyre og beta-1,3\/1,6-glukan, som i kombinasjon har vist seg \u00e5 regulere \u00f8kosystemet av tarmbakterier p\u00e5 en positiv m\u00e5te. EcoGard\u00ae er et kosttilsskudd for immunforsvaret. EcoGard\u00ae inneholder rent beta-1,3\/1,6-glukan fra bakegj\u00e6r (Saccharomyces cerevisiae), et naturlig polysakkarid [&hellip;]\" \/>\n<meta property=\"og:url\" content=\"https:\/\/ederagenhelse.no\/ny2026\/faq\/\" \/>\n<meta property=\"og:site_name\" content=\"Ederagen Helse\" \/>\n<meta property=\"article:modified_time\" content=\"2026-03-17T12:46:26+00:00\" \/>\n<meta name=\"twitter:card\" content=\"summary_large_image\" \/>\n<meta name=\"twitter:label1\" content=\"Ansl. lesetid\" \/>\n\t<meta name=\"twitter:data1\" content=\"23 minutter\" \/>\n<script type=\"application\/ld+json\" class=\"yoast-schema-graph\">{\"@context\":\"https:\\\/\\\/schema.org\",\"@graph\":[{\"@type\":\"WebPage\",\"@id\":\"https:\\\/\\\/ederagenhelse.no\\\/ny2026\\\/faq\\\/\",\"url\":\"https:\\\/\\\/ederagenhelse.no\\\/ny2026\\\/faq\\\/\",\"name\":\"FAQ - Ederagen Helse\",\"isPartOf\":{\"@id\":\"https:\\\/\\\/ederagenhelse.no\\\/ny2026\\\/#website\"},\"datePublished\":\"2024-09-24T07:40:24+00:00\",\"dateModified\":\"2026-03-17T12:46:26+00:00\",\"breadcrumb\":{\"@id\":\"https:\\\/\\\/ederagenhelse.no\\\/ny2026\\\/faq\\\/#breadcrumb\"},\"inLanguage\":\"nb-NO\",\"potentialAction\":[{\"@type\":\"ReadAction\",\"target\":[\"https:\\\/\\\/ederagenhelse.no\\\/ny2026\\\/faq\\\/\"]}]},{\"@type\":\"BreadcrumbList\",\"@id\":\"https:\\\/\\\/ederagenhelse.no\\\/ny2026\\\/faq\\\/#breadcrumb\",\"itemListElement\":[{\"@type\":\"ListItem\",\"position\":1,\"name\":\"Hjem\",\"item\":\"https:\\\/\\\/ederagenhelse.no\\\/ny2026\\\/\"},{\"@type\":\"ListItem\",\"position\":2,\"name\":\"FAQ\"}]},{\"@type\":\"WebSite\",\"@id\":\"https:\\\/\\\/ederagenhelse.no\\\/ny2026\\\/#website\",\"url\":\"https:\\\/\\\/ederagenhelse.no\\\/ny2026\\\/\",\"name\":\"Ederagen Helse\",\"description\":\"Lidenskapelig opptatt av god helse og godt immunforsvar\",\"publisher\":{\"@id\":\"https:\\\/\\\/ederagenhelse.no\\\/ny2026\\\/#organization\"},\"potentialAction\":[{\"@type\":\"SearchAction\",\"target\":{\"@type\":\"EntryPoint\",\"urlTemplate\":\"https:\\\/\\\/ederagenhelse.no\\\/ny2026\\\/?s={search_term_string}\"},\"query-input\":{\"@type\":\"PropertyValueSpecification\",\"valueRequired\":true,\"valueName\":\"search_term_string\"}}],\"inLanguage\":\"nb-NO\"},{\"@type\":\"Organization\",\"@id\":\"https:\\\/\\\/ederagenhelse.no\\\/ny2026\\\/#organization\",\"name\":\"Ederagen Helse\",\"url\":\"https:\\\/\\\/ederagenhelse.no\\\/ny2026\\\/\",\"logo\":{\"@type\":\"ImageObject\",\"inLanguage\":\"nb-NO\",\"@id\":\"https:\\\/\\\/ederagenhelse.no\\\/ny2026\\\/#\\\/schema\\\/logo\\\/image\\\/\",\"url\":\"https:\\\/\\\/ederagenhelse.no\\\/ny2026\\\/wp-content\\\/uploads\\\/2024\\\/02\\\/logo-hvit-1.png\",\"contentUrl\":\"https:\\\/\\\/ederagenhelse.no\\\/ny2026\\\/wp-content\\\/uploads\\\/2024\\\/02\\\/logo-hvit-1.png\",\"width\":2560,\"height\":418,\"caption\":\"Ederagen Helse \"},\"image\":{\"@id\":\"https:\\\/\\\/ederagenhelse.no\\\/ny2026\\\/#\\\/schema\\\/logo\\\/image\\\/\"}}]}<\/script>\n<!-- \/ Yoast SEO plugin. -->","yoast_head_json":{"title":"FAQ - Ederagen Helse","robots":{"index":"noindex","follow":"follow","max-snippet":"max-snippet:-1","max-image-preview":"max-image-preview:large","max-video-preview":"max-video-preview:-1"},"og_locale":"nb_NO","og_type":"article","og_title":"FAQ - Ederagen Helse","og_description":"Sp\u00f8rsm\u00e5l og svar Om kosttilskuddene Hva er forskjellen p\u00e5 EderaGard\u00ae og EcoGard\u00ae? EderaGard\u00ae er et kosttilskudd for tarmen. EderaGard\u00ae inneholder huminsyre og beta-1,3\/1,6-glukan, som i kombinasjon har vist seg \u00e5 regulere \u00f8kosystemet av tarmbakterier p\u00e5 en positiv m\u00e5te. EcoGard\u00ae er et kosttilsskudd for immunforsvaret. EcoGard\u00ae inneholder rent beta-1,3\/1,6-glukan fra bakegj\u00e6r (Saccharomyces cerevisiae), et naturlig polysakkarid [&hellip;]","og_url":"https:\/\/ederagenhelse.no\/ny2026\/faq\/","og_site_name":"Ederagen Helse","article_modified_time":"2026-03-17T12:46:26+00:00","twitter_card":"summary_large_image","twitter_misc":{"Ansl. lesetid":"23 minutter"},"schema":{"@context":"https:\/\/schema.org","@graph":[{"@type":"WebPage","@id":"https:\/\/ederagenhelse.no\/ny2026\/faq\/","url":"https:\/\/ederagenhelse.no\/ny2026\/faq\/","name":"FAQ - Ederagen Helse","isPartOf":{"@id":"https:\/\/ederagenhelse.no\/ny2026\/#website"},"datePublished":"2024-09-24T07:40:24+00:00","dateModified":"2026-03-17T12:46:26+00:00","breadcrumb":{"@id":"https:\/\/ederagenhelse.no\/ny2026\/faq\/#breadcrumb"},"inLanguage":"nb-NO","potentialAction":[{"@type":"ReadAction","target":["https:\/\/ederagenhelse.no\/ny2026\/faq\/"]}]},{"@type":"BreadcrumbList","@id":"https:\/\/ederagenhelse.no\/ny2026\/faq\/#breadcrumb","itemListElement":[{"@type":"ListItem","position":1,"name":"Hjem","item":"https:\/\/ederagenhelse.no\/ny2026\/"},{"@type":"ListItem","position":2,"name":"FAQ"}]},{"@type":"WebSite","@id":"https:\/\/ederagenhelse.no\/ny2026\/#website","url":"https:\/\/ederagenhelse.no\/ny2026\/","name":"Ederagen Helse","description":"Lidenskapelig opptatt av god helse og godt immunforsvar","publisher":{"@id":"https:\/\/ederagenhelse.no\/ny2026\/#organization"},"potentialAction":[{"@type":"SearchAction","target":{"@type":"EntryPoint","urlTemplate":"https:\/\/ederagenhelse.no\/ny2026\/?s={search_term_string}"},"query-input":{"@type":"PropertyValueSpecification","valueRequired":true,"valueName":"search_term_string"}}],"inLanguage":"nb-NO"},{"@type":"Organization","@id":"https:\/\/ederagenhelse.no\/ny2026\/#organization","name":"Ederagen Helse","url":"https:\/\/ederagenhelse.no\/ny2026\/","logo":{"@type":"ImageObject","inLanguage":"nb-NO","@id":"https:\/\/ederagenhelse.no\/ny2026\/#\/schema\/logo\/image\/","url":"https:\/\/ederagenhelse.no\/ny2026\/wp-content\/uploads\/2024\/02\/logo-hvit-1.png","contentUrl":"https:\/\/ederagenhelse.no\/ny2026\/wp-content\/uploads\/2024\/02\/logo-hvit-1.png","width":2560,"height":418,"caption":"Ederagen Helse "},"image":{"@id":"https:\/\/ederagenhelse.no\/ny2026\/#\/schema\/logo\/image\/"}}]}},"_links":{"self":[{"href":"https:\/\/ederagenhelse.no\/ny2026\/wp-json\/wp\/v2\/pages\/10321","targetHints":{"allow":["GET"]}}],"collection":[{"href":"https:\/\/ederagenhelse.no\/ny2026\/wp-json\/wp\/v2\/pages"}],"about":[{"href":"https:\/\/ederagenhelse.no\/ny2026\/wp-json\/wp\/v2\/types\/page"}],"author":[{"embeddable":true,"href":"https:\/\/ederagenhelse.no\/ny2026\/wp-json\/wp\/v2\/users\/1"}],"replies":[{"embeddable":true,"href":"https:\/\/ederagenhelse.no\/ny2026\/wp-json\/wp\/v2\/comments?post=10321"}],"version-history":[{"count":37,"href":"https:\/\/ederagenhelse.no\/ny2026\/wp-json\/wp\/v2\/pages\/10321\/revisions"}],"predecessor-version":[{"id":23421,"href":"https:\/\/ederagenhelse.no\/ny2026\/wp-json\/wp\/v2\/pages\/10321\/revisions\/23421"}],"wp:attachment":[{"href":"https:\/\/ederagenhelse.no\/ny2026\/wp-json\/wp\/v2\/media?parent=10321"}],"curies":[{"name":"wp","href":"https:\/\/api.w.org\/{rel}","templated":true}]}}