{"id":13939,"date":"2024-09-24T07:40:24","date_gmt":"2024-09-24T07:40:24","guid":{"rendered":"https:\/\/ederagenhelse.no\/ny2026\/vanliga-fragor\/"},"modified":"2025-01-31T08:58:25","modified_gmt":"2025-01-31T08:58:25","slug":"vanliga-fragor","status":"publish","type":"page","link":"https:\/\/ederagenhelse.no\/ny2026\/sv\/vanliga-fragor\/","title":{"rendered":"VANLIGA FR\u00c5GOR"},"content":{"rendered":"\t\t<div data-elementor-type=\"wp-page\" data-elementor-id=\"13939\" class=\"elementor elementor-13939 elementor-10321\" data-elementor-post-type=\"page\">\n\t\t\t\t<div class=\"elementor-element elementor-element-09552cb e-flex e-con-boxed e-con e-parent\" data-id=\"09552cb\" data-element_type=\"container\" data-e-type=\"container\" data-settings=\"{&quot;background_background&quot;:&quot;classic&quot;}\">\n\t\t\t\t\t<div class=\"e-con-inner\">\n\t\t\t\t<div class=\"elementor-element elementor-element-3982a35 elementor-widget elementor-widget-heading\" data-id=\"3982a35\" data-element_type=\"widget\" data-e-type=\"widget\" data-widget_type=\"heading.default\">\n\t\t\t\t\t<h2 class=\"elementor-heading-title elementor-size-default\">Fr\u00e5gor och svar<\/h2>\t\t\t\t<\/div>\n\t\t\t\t<div class=\"elementor-element elementor-element-7eb8d76 elementor-widget elementor-widget-heading\" data-id=\"7eb8d76\" data-element_type=\"widget\" data-e-type=\"widget\" data-widget_type=\"heading.default\">\n\t\t\t\t\t<h2 class=\"elementor-heading-title elementor-size-default\">Produkterna<\/h2>\t\t\t\t<\/div>\n\t\t\t\t<div class=\"elementor-element elementor-element-648c5ef elementor-widget__width-initial elementor-widget-mobile__width-inherit elementor-widget elementor-widget-n-accordion\" data-id=\"648c5ef\" data-element_type=\"widget\" data-e-type=\"widget\" data-settings=\"{&quot;default_state&quot;:&quot;all_collapsed&quot;,&quot;max_items_expended&quot;:&quot;one&quot;,&quot;n_accordion_animation_duration&quot;:{&quot;unit&quot;:&quot;ms&quot;,&quot;size&quot;:400,&quot;sizes&quot;:[]}}\" data-widget_type=\"nested-accordion.default\">\n\t\t\t\t\t\t\t<div class=\"e-n-accordion\" aria-label=\"Accordion. Open links with Enter or Space, close with Escape, and navigate with Arrow Keys\">\n\t\t\t\t\t\t<details id=\"e-n-accordion-item-1050\" class=\"e-n-accordion-item\" >\n\t\t\t\t<summary class=\"e-n-accordion-item-title\" data-accordion-index=\"1\" tabindex=\"0\" aria-expanded=\"false\" aria-controls=\"e-n-accordion-item-1050\" >\n\t\t\t\t\t<span class='e-n-accordion-item-title-header'><div class=\"e-n-accordion-item-title-text\"> Vad \u00e4r skillnaden mellan EderaGard och EcoGard? Vad ska jag v\u00e4lja?  <\/div><\/span>\n\t\t\t\t\t\t\t<span class='e-n-accordion-item-title-icon'>\n\t\t\t<span class='e-opened' ><i aria-hidden=\"true\" class=\"fas fa-chevron-up\"><\/i><\/span>\n\t\t\t<span class='e-closed'><i aria-hidden=\"true\" class=\"fas fa-chevron-down\"><\/i><\/span>\n\t\t<\/span>\n\n\t\t\t\t\t\t<\/summary>\n\t\t\t\t<div role=\"region\" aria-labelledby=\"e-n-accordion-item-1050\" class=\"elementor-element elementor-element-3114be0 e-con-full e-flex e-con e-child\" data-id=\"3114be0\" data-element_type=\"container\" data-e-type=\"container\">\n\t\t\t\t<div class=\"elementor-element elementor-element-9e32878 elementor-widget elementor-widget-text-editor\" data-id=\"9e32878\" data-element_type=\"widget\" data-e-type=\"widget\" data-widget_type=\"text-editor.default\">\n\t\t\t\t\t\t\t\t\t<p>EcoGard bidrar till att st\u00e4rka det medf\u00f6dda immunf\u00f6rsvaret, vilket uppn\u00e5s med ett h\u00f6gt inneh\u00e5ll av betaglukaner isolerade fr\u00e5n bagerij\u00e4st, se <a href=\"https:\/\/ederagenhelse.no\/ny2026\/sv\/produkt\/ecogard\/\">https:\/\/ederagenhelse.no\/ny2026\/produkt\/ecogard\/.<\/a> Produkten \u00e4r baserad p\u00e5 mer \u00e4n 30 \u00e5rs erfarenhet. <\/p>\n<p>EderaGard \u00e4r utformad f\u00f6r att ge det livsviktiga ekosystemet av mikrober i tarmen gynnsamma tillv\u00e4xtf\u00f6rh\u00e5llanden. Det \u00e4r en f\u00f6rebyggande produkt som \u00e4r utformad f\u00f6r att kompensera f\u00f6r bristande kontakt med naturliga \u00e4mnen i jorden. EderaGard inneh\u00e5ller inga levande bakterier (som i probiotika) eller n\u00e4rings\u00e4mnen f\u00f6r mikroberna i tarmen (som i prebiotika). Produkten \u00e4r helt osm\u00e4ltbar och passerar genom matsm\u00e4ltningskanalen utan att tas upp i kroppen. P\u00e5 v\u00e4gen kommer den i kontakt med cellerna i tarmv\u00e4ggen och med de tarmmikrober som vi m\u00e4nniskor \u00e4r helt beroende av f\u00f6r att h\u00e5lla oss friska. Se <a href=\"https:\/\/ederagenhelse.no\/ny2026\/sv\/produkt\/ederagard\/\">https:\/\/ederagenhelse.no\/ny2026\/produkt\/ederagard\/.<\/a> EderaGard \u00e4r baserat p\u00e5 en ny och patenterad uppfinning gjord av v\u00e5rt moderbolag EderaGen AS.      <\/p>\n<p>Ett robust immunf\u00f6rsvar och en balanserad tarmflora bidrar b\u00e5da till att h\u00e5lla oss friska. Det \u00e4r inget fel med att ta b\u00e5da produkterna samtidigt. <\/p>\n\t\t\t\t\t\t\t\t<\/div>\n\t\t\t\t<\/div>\n\t\t\t\t\t<\/details>\n\t\t\t\t\t\t<details id=\"e-n-accordion-item-1051\" class=\"e-n-accordion-item\" >\n\t\t\t\t<summary class=\"e-n-accordion-item-title\" data-accordion-index=\"2\" tabindex=\"-1\" aria-expanded=\"false\" aria-controls=\"e-n-accordion-item-1051\" >\n\t\t\t\t\t<span class='e-n-accordion-item-title-header'><div class=\"e-n-accordion-item-title-text\"> \u00c4r EderaGard och EcoGard l\u00e4kemedel? <\/div><\/span>\n\t\t\t\t\t\t\t<span class='e-n-accordion-item-title-icon'>\n\t\t\t<span class='e-opened' ><i aria-hidden=\"true\" class=\"fas fa-chevron-up\"><\/i><\/span>\n\t\t\t<span class='e-closed'><i aria-hidden=\"true\" class=\"fas fa-chevron-down\"><\/i><\/span>\n\t\t<\/span>\n\n\t\t\t\t\t\t<\/summary>\n\t\t\t\t<div role=\"region\" aria-labelledby=\"e-n-accordion-item-1051\" class=\"elementor-element elementor-element-9c5ac99 e-con-full e-flex e-con e-child\" data-id=\"9c5ac99\" data-element_type=\"container\" data-e-type=\"container\">\n\t\t\t\t<div class=\"elementor-element elementor-element-41a1659 elementor-widget elementor-widget-text-editor\" data-id=\"41a1659\" data-element_type=\"widget\" data-e-type=\"widget\" data-widget_type=\"text-editor.default\">\n\t\t\t\t\t\t\t\t\t<p><strong><u>Nej .<\/u><\/strong>. B\u00e5de EcoGard och EderaGard \u00e4r f\u00f6rebyggande kosttillskott och \u00e4r inte avsedda att behandla sjukdomar. <\/p>\n\t\t\t\t\t\t\t\t<\/div>\n\t\t\t\t<\/div>\n\t\t\t\t\t<\/details>\n\t\t\t\t\t\t<details id=\"e-n-accordion-item-1052\" class=\"e-n-accordion-item\" >\n\t\t\t\t<summary class=\"e-n-accordion-item-title\" data-accordion-index=\"3\" tabindex=\"-1\" aria-expanded=\"false\" aria-controls=\"e-n-accordion-item-1052\" >\n\t\t\t\t\t<span class='e-n-accordion-item-title-header'><div class=\"e-n-accordion-item-title-text\"> Varf\u00f6r kallar vissa m\u00e4nniskor EderaGard f\u00f6r en jordprodukt? <\/div><\/span>\n\t\t\t\t\t\t\t<span class='e-n-accordion-item-title-icon'>\n\t\t\t<span class='e-opened' ><i aria-hidden=\"true\" class=\"fas fa-chevron-up\"><\/i><\/span>\n\t\t\t<span class='e-closed'><i aria-hidden=\"true\" class=\"fas fa-chevron-down\"><\/i><\/span>\n\t\t<\/span>\n\n\t\t\t\t\t\t<\/summary>\n\t\t\t\t<div role=\"region\" aria-labelledby=\"e-n-accordion-item-1052\" class=\"elementor-element elementor-element-b233d03 e-con-full e-flex e-con e-child\" data-id=\"b233d03\" data-element_type=\"container\" data-e-type=\"container\">\n\t\t\t\t<div class=\"elementor-element elementor-element-e9a9ce6 elementor-widget elementor-widget-text-editor\" data-id=\"e9a9ce6\" data-element_type=\"widget\" data-e-type=\"widget\" data-widget_type=\"text-editor.default\">\n\t\t\t\t\t\t\t\t\t<p>Under utvecklingen av EderaGard letade v\u00e5ra forskare efter \u00e4mnen i jord som skulle kunna vara gynnsamma f\u00f6r ekosystemet av mikrober i tarmen. Anledningen till att vi letade i jord var att vi vet att barn har en oemotst\u00e5ndlig lust att \u00e4ta jord, n\u00e5got som de har gemensamt med otaliga djurarter. Detta \u00e4r n\u00e5got som djur och m\u00e4nniskor har delat genom hela evolutionen. Eftersom denna drift inte f\u00f6rsvunnit under evolutionens g\u00e5ng har man antagit att den m\u00e5ste vara nyttig p\u00e5 n\u00e5got s\u00e4tt, annars skulle den ha f\u00f6rsvunnit. Genom att systematiskt s\u00f6ka efter \u00e4mnen i jord som kunde ha en gynnsam effekt p\u00e5 mikroberna i tarmen hittade vi de \u00e4mnen som ing\u00e5r i EderaGard. Uppfinningen kallades<em>&#8221;deconstructed soil composition<\/em>&#8221; och ett norskt patent utf\u00e4rdades f\u00f6r den i januari 2023, vilket bekr\u00e4ftar att detta \u00e4r n\u00e5got innovativt och unikt. Patentet finns tillg\u00e4ngligt f\u00f6r allm\u00e4nheten p\u00e5 norska Patent- och registreringsverkets webbplats.      <\/p>\n\t\t\t\t\t\t\t\t<\/div>\n\t\t\t\t<\/div>\n\t\t\t\t\t<\/details>\n\t\t\t\t\t\t<details id=\"e-n-accordion-item-1053\" class=\"e-n-accordion-item\" >\n\t\t\t\t<summary class=\"e-n-accordion-item-title\" data-accordion-index=\"4\" tabindex=\"-1\" aria-expanded=\"false\" aria-controls=\"e-n-accordion-item-1053\" >\n\t\t\t\t\t<span class='e-n-accordion-item-title-header'><div class=\"e-n-accordion-item-title-text\"> Vad \u00e4r egentligen betaglukan och vad \u00e4r det som \u00e4r s\u00e5 speciellt med betaglukanerna i EcoGard? <\/div><\/span>\n\t\t\t\t\t\t\t<span class='e-n-accordion-item-title-icon'>\n\t\t\t<span class='e-opened' ><i aria-hidden=\"true\" class=\"fas fa-chevron-up\"><\/i><\/span>\n\t\t\t<span class='e-closed'><i aria-hidden=\"true\" class=\"fas fa-chevron-down\"><\/i><\/span>\n\t\t<\/span>\n\n\t\t\t\t\t\t<\/summary>\n\t\t\t\t<div role=\"region\" aria-labelledby=\"e-n-accordion-item-1053\" class=\"elementor-element elementor-element-3fa62d8 e-con-full e-flex e-con e-child\" data-id=\"3fa62d8\" data-element_type=\"container\" data-e-type=\"container\">\n\t\t\t\t<div class=\"elementor-element elementor-element-4c6997f elementor-widget elementor-widget-text-editor\" data-id=\"4c6997f\" data-element_type=\"widget\" data-e-type=\"widget\" data-widget_type=\"text-editor.default\">\n\t\t\t\t\t\t\t\t\t<p>N\u00e4r vi talar om betaglukaner menar vi beta-1,3\/1,6-glukaner som finns i cellv\u00e4ggen hos vanlig bagerij\u00e4st, men som m\u00e5ste isoleras d\u00e4rifr\u00e5n f\u00f6r att vara aktiva n\u00e4r det g\u00e4ller att st\u00e4rka det medf\u00f6dda immunf\u00f6rsvaret. Dessa beta-1,3\/1,6-glukaner \u00e4r polysackarider med mycket komplex kemi och har karakteriserats i detalj i mer \u00e4n 30 \u00e5r n\u00e4r det g\u00e4ller kemisk struktur och verkningsmekanism. Men ordet &#8221;betaglukan&#8221; \u00e4r bara ett allm\u00e4nt namn som beskriver ett stort antal \u00e4mnen i samma familj, som finns i m\u00e5nga livsmedel. De allra flesta av dessa andra betaglukaner har endast en mycket svag effekt p\u00e5 immunf\u00f6rsvaret, eller oftast ingen effekt alls. \u00c4ven papper best\u00e5r huvudsakligen av betaglukan. Det \u00e4r d\u00e4rf\u00f6r viktigt att v\u00e4lja r\u00e4tt betaglukaner om man vill st\u00e4rka det medf\u00f6dda immunf\u00f6rsvaret, och betaglukanerna i EcoGard ligger p\u00e5 den allra \u00f6versta hyllan.     <\/p>\n\t\t\t\t\t\t\t\t<\/div>\n\t\t\t\t<\/div>\n\t\t\t\t\t<\/details>\n\t\t\t\t\t\t<details id=\"e-n-accordion-item-1054\" class=\"e-n-accordion-item\" >\n\t\t\t\t<summary class=\"e-n-accordion-item-title\" data-accordion-index=\"5\" tabindex=\"-1\" aria-expanded=\"false\" aria-controls=\"e-n-accordion-item-1054\" >\n\t\t\t\t\t<span class='e-n-accordion-item-title-header'><div class=\"e-n-accordion-item-title-text\"> Varf\u00f6r finns betaglukaner ocks\u00e5 i EderaGard? <\/div><\/span>\n\t\t\t\t\t\t\t<span class='e-n-accordion-item-title-icon'>\n\t\t\t<span class='e-opened' ><i aria-hidden=\"true\" class=\"fas fa-chevron-up\"><\/i><\/span>\n\t\t\t<span class='e-closed'><i aria-hidden=\"true\" class=\"fas fa-chevron-down\"><\/i><\/span>\n\t\t<\/span>\n\n\t\t\t\t\t\t<\/summary>\n\t\t\t\t<div role=\"region\" aria-labelledby=\"e-n-accordion-item-1054\" class=\"elementor-element elementor-element-cf8b317 e-con-full e-flex e-con e-child\" data-id=\"cf8b317\" data-element_type=\"container\" data-e-type=\"container\">\n\t\t\t\t<div class=\"elementor-element elementor-element-80ff615 elementor-widget elementor-widget-text-editor\" data-id=\"80ff615\" data-element_type=\"widget\" data-e-type=\"widget\" data-widget_type=\"text-editor.default\">\n\t\t\t\t\t\t\t\t\t<p>Det finns betaglukaner i b\u00e5de EcoGard och EderaGard, men av olika vetenskapliga sk\u00e4l. Betaglukanerna i EcoGard bidrar till att st\u00e4rka det medf\u00f6dda immunf\u00f6rsvaret. I EderaGard tills\u00e4tts betaglukan p\u00e5 en l\u00e4gre niv\u00e5 f\u00f6r att det andra \u00e4mnet, svartjord, ska kunna fungera ordentligt. Enkelt uttryckt arbetar de tv\u00e5 komponenterna i EderaGard <u>tillsammans<\/u> p\u00e5 ett s\u00e4tt som skyddar de anaeroba bakterierna som anses vara f\u00f6rdelaktiga, samtidigt som andra bakterier (som ocks\u00e5 har en funktion) h\u00e5lls i schack &#8211; det fungerar p\u00e5 hela ekosystemet. Doseringen av betaglukan i EderaGard \u00e4r n\u00e5got l\u00e5g f\u00f6r att f\u00e5 full effekt p\u00e5 det medf\u00f6dda immunf\u00f6rsvaret. D\u00e4rf\u00f6r kan det vara en bra id\u00e9 att \u00e4ven ta EcoGard om man vill ha mer betaglukan, och det finns ingen risk att man \u00f6verskrider gr\u00e4nsv\u00e4rdet f\u00f6r betaglukan. Det \u00e4r mycket h\u00f6gre.      <\/p>\n\t\t\t\t\t\t\t\t<\/div>\n\t\t\t\t<\/div>\n\t\t\t\t\t<\/details>\n\t\t\t\t\t<\/div>\n\t\t\t\t\t\t<\/div>\n\t\t\t\t<div class=\"elementor-element elementor-element-9c95db7 elementor-widget elementor-widget-spacer\" data-id=\"9c95db7\" data-element_type=\"widget\" data-e-type=\"widget\" data-widget_type=\"spacer.default\">\n\t\t\t\t\t\t\t<div class=\"elementor-spacer\">\n\t\t\t<div class=\"elementor-spacer-inner\"><\/div>\n\t\t<\/div>\n\t\t\t\t\t\t<\/div>\n\t\t\t\t<div class=\"elementor-element elementor-element-a787aa8 elementor-widget elementor-widget-heading\" data-id=\"a787aa8\" data-element_type=\"widget\" data-e-type=\"widget\" data-widget_type=\"heading.default\">\n\t\t\t\t\t<h2 class=\"elementor-heading-title elementor-size-default\">Anv\u00e4ndning av produkterna<\/h2>\t\t\t\t<\/div>\n\t\t\t\t<div class=\"elementor-element elementor-element-183e81a elementor-widget__width-initial elementor-widget-mobile__width-inherit elementor-widget elementor-widget-n-accordion\" data-id=\"183e81a\" data-element_type=\"widget\" data-e-type=\"widget\" data-settings=\"{&quot;default_state&quot;:&quot;all_collapsed&quot;,&quot;max_items_expended&quot;:&quot;one&quot;,&quot;n_accordion_animation_duration&quot;:{&quot;unit&quot;:&quot;ms&quot;,&quot;size&quot;:400,&quot;sizes&quot;:[]}}\" data-widget_type=\"nested-accordion.default\">\n\t\t\t\t\t\t\t<div class=\"e-n-accordion\" aria-label=\"Accordion. Open links with Enter or Space, close with Escape, and navigate with Arrow Keys\">\n\t\t\t\t\t\t<details id=\"e-n-accordion-item-2540\" class=\"e-n-accordion-item\" >\n\t\t\t\t<summary class=\"e-n-accordion-item-title\" data-accordion-index=\"1\" tabindex=\"0\" aria-expanded=\"false\" aria-controls=\"e-n-accordion-item-2540\" >\n\t\t\t\t\t<span class='e-n-accordion-item-title-header'><div class=\"e-n-accordion-item-title-text\"> Hur l\u00e5ng tid tar det innan jag m\u00e4rker effekterna av EderaGard? Och vad m\u00e4rker jag?  <\/div><\/span>\n\t\t\t\t\t\t\t<span class='e-n-accordion-item-title-icon'>\n\t\t\t<span class='e-opened' ><i aria-hidden=\"true\" class=\"fas fa-chevron-up\"><\/i><\/span>\n\t\t\t<span class='e-closed'><i aria-hidden=\"true\" class=\"fas fa-chevron-down\"><\/i><\/span>\n\t\t<\/span>\n\n\t\t\t\t\t\t<\/summary>\n\t\t\t\t<div role=\"region\" aria-labelledby=\"e-n-accordion-item-2540\" class=\"elementor-element elementor-element-fef3551 e-con-full e-flex e-con e-child\" data-id=\"fef3551\" data-element_type=\"container\" data-e-type=\"container\">\n\t\t\t\t<div class=\"elementor-element elementor-element-1d2957f elementor-widget elementor-widget-text-editor\" data-id=\"1d2957f\" data-element_type=\"widget\" data-e-type=\"widget\" data-widget_type=\"text-editor.default\">\n\t\t\t\t\t\t\t\t\t<p>Tarmfloran \u00e4r ett gigantiskt ekosystem som varierar kraftigt fr\u00e5n person till person, och d\u00e4rf\u00f6r varierar det ocks\u00e5 hur l\u00e5ng tid det tar innan man m\u00e4rker n\u00e5got och vad man m\u00e4rker (om n\u00e5got). Vissa m\u00e4rker n\u00e5got inom 24 timmar, medan det \u00e4r vanligare att det tar n\u00e5gra dagar eller l\u00e4ngre. En m\u00e5nad \u00e4r inte ovanligt. En del rapporterar att de (inledningsvis) k\u00e4nner sig lite oroliga (mullrande, gasbildning) i magen och\/eller att magen \u00e4r lite l\u00f6sare \u00e4n vanligt. En tr\u00f6g mage f\u00f6rekommer ocks\u00e5, men det \u00e4r ovanligt. Inget av detta \u00e4r dock n\u00f6dv\u00e4ndigtvis n\u00e5got d\u00e5ligt, det betyder bara att n\u00e5got h\u00e4nder. Ytterligare andra m\u00e4rker av andra saker &#8211; eller ingenting &#8211; inte helt olikt det som h\u00e4nder n\u00e4r du tar vitaminer, mineraler eller omega-3. Det \u00e4r v\u00e4ldigt individuellt, precis som tarmfloran.       <\/p>\n\t\t\t\t\t\t\t\t<\/div>\n\t\t\t\t<\/div>\n\t\t\t\t\t<\/details>\n\t\t\t\t\t\t<details id=\"e-n-accordion-item-2541\" class=\"e-n-accordion-item\" >\n\t\t\t\t<summary class=\"e-n-accordion-item-title\" data-accordion-index=\"2\" tabindex=\"-1\" aria-expanded=\"false\" aria-controls=\"e-n-accordion-item-2541\" >\n\t\t\t\t\t<span class='e-n-accordion-item-title-header'><div class=\"e-n-accordion-item-title-text\"> \u00c4r EderaGard ett botemedel eller ska jag f\u00f6rv\u00e4nta mig att anv\u00e4nda produkten under l\u00e5ng tid? <\/div><\/span>\n\t\t\t\t\t\t\t<span class='e-n-accordion-item-title-icon'>\n\t\t\t<span class='e-opened' ><i aria-hidden=\"true\" class=\"fas fa-chevron-up\"><\/i><\/span>\n\t\t\t<span class='e-closed'><i aria-hidden=\"true\" class=\"fas fa-chevron-down\"><\/i><\/span>\n\t\t<\/span>\n\n\t\t\t\t\t\t<\/summary>\n\t\t\t\t<div role=\"region\" aria-labelledby=\"e-n-accordion-item-2541\" class=\"elementor-element elementor-element-8414a4c e-con-full e-flex e-con e-child\" data-id=\"8414a4c\" data-element_type=\"container\" data-e-type=\"container\">\n\t\t\t\t<div class=\"elementor-element elementor-element-08f42d2 elementor-widget elementor-widget-text-editor\" data-id=\"08f42d2\" data-element_type=\"widget\" data-e-type=\"widget\" data-widget_type=\"text-editor.default\">\n\t\t\t\t\t\t\t\t\t<p>EderaGard \u00e4r inte avsett att behandla sjukdomar, s\u00e5 det vore fel att kalla det f\u00f6r ett botemedel. EderaGard \u00e4r d\u00e4remot f\u00f6rebyggande och syftar till att ge det livsviktiga ekosystemet av mikrober i tarmen gynnsamma f\u00f6ruts\u00e4ttningar f\u00f6r tillv\u00e4xt. Det h\u00e4r \u00e4r dock en sv\u00e5r fr\u00e5ga att besvara eftersom tarmfloran \u00e4r komplex och varierar mycket fr\u00e5n person till person. Det kan d\u00e4rf\u00f6r vara s\u00e5 att din mikroflora stabiliseras efter en tids anv\u00e4ndning, men det kan ocks\u00e5 vara s\u00e5 att du b\u00f6r forts\u00e4tta att ta produkten under en l\u00e4ngre tid. Det \u00e4r mycket sv\u00e5rt att s\u00e4ga n\u00e5got om detta i f\u00f6rv\u00e4g.    <\/p>\n\t\t\t\t\t\t\t\t<\/div>\n\t\t\t\t<\/div>\n\t\t\t\t\t<\/details>\n\t\t\t\t\t\t<details id=\"e-n-accordion-item-2542\" class=\"e-n-accordion-item\" >\n\t\t\t\t<summary class=\"e-n-accordion-item-title\" data-accordion-index=\"3\" tabindex=\"-1\" aria-expanded=\"false\" aria-controls=\"e-n-accordion-item-2542\" >\n\t\t\t\t\t<span class='e-n-accordion-item-title-header'><div class=\"e-n-accordion-item-title-text\"> Vad betyder det att doseringen av EderaGard \u00e4r 4-6 tabletter per dag? Hur delar jag ut dessa tabletter?   <\/div><\/span>\n\t\t\t\t\t\t\t<span class='e-n-accordion-item-title-icon'>\n\t\t\t<span class='e-opened' ><i aria-hidden=\"true\" class=\"fas fa-chevron-up\"><\/i><\/span>\n\t\t\t<span class='e-closed'><i aria-hidden=\"true\" class=\"fas fa-chevron-down\"><\/i><\/span>\n\t\t<\/span>\n\n\t\t\t\t\t\t<\/summary>\n\t\t\t\t<div role=\"region\" aria-labelledby=\"e-n-accordion-item-2542\" class=\"elementor-element elementor-element-e870a8c e-con-full e-flex e-con e-child\" data-id=\"e870a8c\" data-element_type=\"container\" data-e-type=\"container\">\n\t\t\t\t<div class=\"elementor-element elementor-element-0669f1c elementor-widget elementor-widget-text-editor\" data-id=\"0669f1c\" data-element_type=\"widget\" data-e-type=\"widget\" data-widget_type=\"text-editor.default\">\n\t\t\t\t\t\t\t\t\t<p>Den rekommenderade dosen av EderaGard \u00e4r 4-6 tabletter per dag. Tarmfloran varierar mycket fr\u00e5n person till person, och det \u00e4r egentligen inte storlek eller kroppsvikt som avg\u00f6r hur m\u00e5nga tabletter du b\u00f6r ta, utan snarare m\u00e4ngden och typen av mikrober i tarmen hos varje individ. Det \u00e4r dock v\u00e4ldigt f\u00e5 m\u00e4nniskor som har kunskap om sin egen unika tarmflora, s\u00e5 vi rekommenderar lite f\u00f6rs\u00f6k och misstag. Men du b\u00f6r inte ta mindre \u00e4n 4 tabletter per dag. Vi ger inga specifika r\u00e5d om hur dosen p\u00e5 4-6 tabletter ska f\u00f6rdelas \u00f6ver dagen. Det viktigaste \u00e4r att tabletterna faktiskt tas, s\u00e5 vi rekommenderar att du inkluderar detta i din vanliga dagliga rutin.       <\/p>\n\t\t\t\t\t\t\t\t<\/div>\n\t\t\t\t<\/div>\n\t\t\t\t\t<\/details>\n\t\t\t\t\t\t<details id=\"e-n-accordion-item-2543\" class=\"e-n-accordion-item\" >\n\t\t\t\t<summary class=\"e-n-accordion-item-title\" data-accordion-index=\"4\" tabindex=\"-1\" aria-expanded=\"false\" aria-controls=\"e-n-accordion-item-2543\" >\n\t\t\t\t\t<span class='e-n-accordion-item-title-header'><div class=\"e-n-accordion-item-title-text\"> Kan jag ta EderaGard och EcoGard samtidigt? <\/div><\/span>\n\t\t\t\t\t\t\t<span class='e-n-accordion-item-title-icon'>\n\t\t\t<span class='e-opened' ><i aria-hidden=\"true\" class=\"fas fa-chevron-up\"><\/i><\/span>\n\t\t\t<span class='e-closed'><i aria-hidden=\"true\" class=\"fas fa-chevron-down\"><\/i><\/span>\n\t\t<\/span>\n\n\t\t\t\t\t\t<\/summary>\n\t\t\t\t<div role=\"region\" aria-labelledby=\"e-n-accordion-item-2543\" class=\"elementor-element elementor-element-4cf5714 e-con-full e-flex e-con e-child\" data-id=\"4cf5714\" data-element_type=\"container\" data-e-type=\"container\">\n\t\t\t\t<div class=\"elementor-element elementor-element-9047a5b elementor-widget elementor-widget-text-editor\" data-id=\"9047a5b\" data-element_type=\"widget\" data-e-type=\"widget\" data-widget_type=\"text-editor.default\">\n\t\t\t\t\t\t\t\t\t<p>Ja, det \u00e4r inget fel med att ta b\u00e5da produkterna samtidigt.<\/p>\n\t\t\t\t\t\t\t\t<\/div>\n\t\t\t\t<\/div>\n\t\t\t\t\t<\/details>\n\t\t\t\t\t\t<details id=\"e-n-accordion-item-2544\" class=\"e-n-accordion-item\" >\n\t\t\t\t<summary class=\"e-n-accordion-item-title\" data-accordion-index=\"5\" tabindex=\"-1\" aria-expanded=\"false\" aria-controls=\"e-n-accordion-item-2544\" >\n\t\t\t\t\t<span class='e-n-accordion-item-title-header'><div class=\"e-n-accordion-item-title-text\"> Ska jag ta EderaGard\/EcoGard tillsammans med mat?   <\/div><\/span>\n\t\t\t\t\t\t\t<span class='e-n-accordion-item-title-icon'>\n\t\t\t<span class='e-opened' ><i aria-hidden=\"true\" class=\"fas fa-chevron-up\"><\/i><\/span>\n\t\t\t<span class='e-closed'><i aria-hidden=\"true\" class=\"fas fa-chevron-down\"><\/i><\/span>\n\t\t<\/span>\n\n\t\t\t\t\t\t<\/summary>\n\t\t\t\t<div role=\"region\" aria-labelledby=\"e-n-accordion-item-2544\" class=\"elementor-element elementor-element-f340f25 e-con-full e-flex e-con e-child\" data-id=\"f340f25\" data-element_type=\"container\" data-e-type=\"container\">\n\t\t\t\t<div class=\"elementor-element elementor-element-935fe5e elementor-widget elementor-widget-text-editor\" data-id=\"935fe5e\" data-element_type=\"widget\" data-e-type=\"widget\" data-widget_type=\"text-editor.default\">\n\t\t\t\t\t\t\t\t\t<p>Vi ger inga specifika r\u00e5d om huruvida tabletterna\/kapslarna ska tas med mat eller inte, men det \u00e4r alltid bra att sk\u00f6lja ner dem med mycket dryck, s\u00e4rskilt EcoGard-kapslarna som \u00e4r ganska stora. Det viktigaste \u00e4r att de tas. Vi rekommenderar att du hittar din egen rutin, till exempel samtidigt som du tar andra kosttillskott. F\u00f6r dem som fastar som en del av sin rutin kan det vara meningsfullt att ta tabletterna\/kapslarna n\u00e4r man bryter fastan.   <\/p>\n\t\t\t\t\t\t\t\t<\/div>\n\t\t\t\t<\/div>\n\t\t\t\t\t<\/details>\n\t\t\t\t\t\t<details id=\"e-n-accordion-item-2545\" class=\"e-n-accordion-item\" >\n\t\t\t\t<summary class=\"e-n-accordion-item-title\" data-accordion-index=\"6\" tabindex=\"-1\" aria-expanded=\"false\" aria-controls=\"e-n-accordion-item-2545\" >\n\t\t\t\t\t<span class='e-n-accordion-item-title-header'><div class=\"e-n-accordion-item-title-text\"> Kan EderaGard\/EcoGard hj\u00e4lpa mig med min sjukdom eller mitt h\u00e4lsotillst\u00e5nd? <\/div><\/span>\n\t\t\t\t\t\t\t<span class='e-n-accordion-item-title-icon'>\n\t\t\t<span class='e-opened' ><i aria-hidden=\"true\" class=\"fas fa-chevron-up\"><\/i><\/span>\n\t\t\t<span class='e-closed'><i aria-hidden=\"true\" class=\"fas fa-chevron-down\"><\/i><\/span>\n\t\t<\/span>\n\n\t\t\t\t\t\t<\/summary>\n\t\t\t\t<div role=\"region\" aria-labelledby=\"e-n-accordion-item-2545\" class=\"elementor-element elementor-element-13100c7 e-con-full e-flex e-con e-child\" data-id=\"13100c7\" data-element_type=\"container\" data-e-type=\"container\">\n\t\t\t\t<div class=\"elementor-element elementor-element-41d1179 elementor-widget elementor-widget-text-editor\" data-id=\"41d1179\" data-element_type=\"widget\" data-e-type=\"widget\" data-widget_type=\"text-editor.default\">\n\t\t\t\t\t\t\t\t\t<p>B\u00e5de EcoGard och EderaGard \u00e4r f\u00f6rebyggande kosttillskott och \u00e4r inte avsedda att behandla sjukdomar. Som f\u00f6rs\u00e4ljare av kosttillskott har vi inte r\u00e4tt att ge r\u00e5d i specifika h\u00e4lsofr\u00e5gor, vilket \u00e4r l\u00e4kares uppgift. Vi f\u00e5r d\u00e4rf\u00f6r inte s\u00e4ga n\u00e5got om behandling av sjukdom. Vi ber om din f\u00f6rst\u00e5else f\u00f6r detta.   <\/p>\n\t\t\t\t\t\t\t\t<\/div>\n\t\t\t\t<\/div>\n\t\t\t\t\t<\/details>\n\t\t\t\t\t\t<details id=\"e-n-accordion-item-2546\" class=\"e-n-accordion-item\" >\n\t\t\t\t<summary class=\"e-n-accordion-item-title\" data-accordion-index=\"7\" tabindex=\"-1\" aria-expanded=\"false\" aria-controls=\"e-n-accordion-item-2546\" >\n\t\t\t\t\t<span class='e-n-accordion-item-title-header'><div class=\"e-n-accordion-item-title-text\"> Kan jag ta EderaGard\/EcoGard samtidigt som jag tar mediciner? <\/div><\/span>\n\t\t\t\t\t\t\t<span class='e-n-accordion-item-title-icon'>\n\t\t\t<span class='e-opened' ><i aria-hidden=\"true\" class=\"fas fa-chevron-up\"><\/i><\/span>\n\t\t\t<span class='e-closed'><i aria-hidden=\"true\" class=\"fas fa-chevron-down\"><\/i><\/span>\n\t\t<\/span>\n\n\t\t\t\t\t\t<\/summary>\n\t\t\t\t<div role=\"region\" aria-labelledby=\"e-n-accordion-item-2546\" class=\"elementor-element elementor-element-cde76a7 e-con-full e-flex e-con e-child\" data-id=\"cde76a7\" data-element_type=\"container\" data-e-type=\"container\">\n\t\t\t\t<div class=\"elementor-element elementor-element-03f67a2 elementor-widget elementor-widget-text-editor\" data-id=\"03f67a2\" data-element_type=\"widget\" data-e-type=\"widget\" data-widget_type=\"text-editor.default\">\n\t\t\t\t\t\t\t\t\t<p>N\u00e4r du anv\u00e4nder receptbelagda l\u00e4kemedel b\u00f6r du informera din l\u00e4kare om anv\u00e4ndningen av kosttillskott.<\/p>\n\t\t\t\t\t\t\t\t<\/div>\n\t\t\t\t<\/div>\n\t\t\t\t\t<\/details>\n\t\t\t\t\t\t<details id=\"e-n-accordion-item-2547\" class=\"e-n-accordion-item\" >\n\t\t\t\t<summary class=\"e-n-accordion-item-title\" data-accordion-index=\"8\" tabindex=\"-1\" aria-expanded=\"false\" aria-controls=\"e-n-accordion-item-2547\" >\n\t\t\t\t\t<span class='e-n-accordion-item-title-header'><div class=\"e-n-accordion-item-title-text\"> Kan jag ge EcoGard till barn under 12 \u00e5r? <\/div><\/span>\n\t\t\t\t\t\t\t<span class='e-n-accordion-item-title-icon'>\n\t\t\t<span class='e-opened' ><i aria-hidden=\"true\" class=\"fas fa-chevron-up\"><\/i><\/span>\n\t\t\t<span class='e-closed'><i aria-hidden=\"true\" class=\"fas fa-chevron-down\"><\/i><\/span>\n\t\t<\/span>\n\n\t\t\t\t\t\t<\/summary>\n\t\t\t\t<div role=\"region\" aria-labelledby=\"e-n-accordion-item-2547\" class=\"elementor-element elementor-element-e89cb96 e-con-full e-flex e-con e-child\" data-id=\"e89cb96\" data-element_type=\"container\" data-e-type=\"container\">\n\t\t\t\t<div class=\"elementor-element elementor-element-e3adbf0 elementor-widget elementor-widget-text-editor\" data-id=\"e3adbf0\" data-element_type=\"widget\" data-e-type=\"widget\" data-widget_type=\"text-editor.default\">\n\t\t\t\t\t\t\t\t\t<p>Ja, det \u00e4r bra. M\u00e5nga av de regler som g\u00e4ller f\u00f6r barn \u00e4r annorlunda, och om detta skulle anges p\u00e5 f\u00f6rpackningen skulle det beh\u00f6va deklareras enligt en viss standard. Men doseringen f\u00f6r barn under 12 \u00e5r \u00e4r densamma som f\u00f6r vuxna, 1 kapsel per dag. Detta \u00e4r fortfarande l\u00e5ngt under den rekommenderade gr\u00e4nsen f\u00f6r barn under 12 \u00e5r.      <\/p>\n\t\t\t\t\t\t\t\t<\/div>\n\t\t\t\t<\/div>\n\t\t\t\t\t<\/details>\n\t\t\t\t\t\t<details id=\"e-n-accordion-item-2548\" class=\"e-n-accordion-item\" >\n\t\t\t\t<summary class=\"e-n-accordion-item-title\" data-accordion-index=\"9\" tabindex=\"-1\" aria-expanded=\"false\" aria-controls=\"e-n-accordion-item-2548\" >\n\t\t\t\t\t<span class='e-n-accordion-item-title-header'><div class=\"e-n-accordion-item-title-text\"> F\u00e5r jag ge EderaGard till barn under 12 \u00e5r? <\/div><\/span>\n\t\t\t\t\t\t\t<span class='e-n-accordion-item-title-icon'>\n\t\t\t<span class='e-opened' ><i aria-hidden=\"true\" class=\"fas fa-chevron-up\"><\/i><\/span>\n\t\t\t<span class='e-closed'><i aria-hidden=\"true\" class=\"fas fa-chevron-down\"><\/i><\/span>\n\t\t<\/span>\n\n\t\t\t\t\t\t<\/summary>\n\t\t\t\t<div role=\"region\" aria-labelledby=\"e-n-accordion-item-2548\" class=\"elementor-element elementor-element-cc9a9c1 e-con-full e-flex e-con e-child\" data-id=\"cc9a9c1\" data-element_type=\"container\" data-e-type=\"container\">\n\t\t\t\t<div class=\"elementor-element elementor-element-1e2714c elementor-widget elementor-widget-text-editor\" data-id=\"1e2714c\" data-element_type=\"widget\" data-e-type=\"widget\" data-widget_type=\"text-editor.default\">\n\t\t\t\t\t\t\t\t\t<p>M\u00e5nga av de regler som g\u00e4ller f\u00f6r barn \u00e4r annorlunda, och detta m\u00e5ste deklareras p\u00e5 f\u00f6rpackningen enligt en viss standard. Eftersom reglerna \u00e4r strikta har vi valt att inte aktivt marknadsf\u00f6ra produkten till barn under 12 \u00e5r. Vi har med andra ord valt f\u00f6rsiktighetsprincipen trots att vi inte k\u00e4nner till n\u00e5got negativt som skulle kunna p\u00e5verka barn som \u00e4ter v\u00e5ra produkter. Snarare tv\u00e4rtom, eftersom barn har \u00e4tit jord sedan urminnes tider.   <\/p>\n\t\t\t\t\t\t\t\t<\/div>\n\t\t\t\t<\/div>\n\t\t\t\t\t<\/details>\n\t\t\t\t\t\t<details id=\"e-n-accordion-item-2549\" class=\"e-n-accordion-item\" >\n\t\t\t\t<summary class=\"e-n-accordion-item-title\" data-accordion-index=\"10\" tabindex=\"-1\" aria-expanded=\"false\" aria-controls=\"e-n-accordion-item-2549\" >\n\t\t\t\t\t<span class='e-n-accordion-item-title-header'><div class=\"e-n-accordion-item-title-text\"> Jag har en allergi eller en intolerans. Kan jag ta EderaGard?  <\/div><\/span>\n\t\t\t\t\t\t\t<span class='e-n-accordion-item-title-icon'>\n\t\t\t<span class='e-opened' ><i aria-hidden=\"true\" class=\"fas fa-chevron-up\"><\/i><\/span>\n\t\t\t<span class='e-closed'><i aria-hidden=\"true\" class=\"fas fa-chevron-down\"><\/i><\/span>\n\t\t<\/span>\n\n\t\t\t\t\t\t<\/summary>\n\t\t\t\t<div role=\"region\" aria-labelledby=\"e-n-accordion-item-2549\" class=\"elementor-element elementor-element-895b920 e-con-full e-flex e-con e-child\" data-id=\"895b920\" data-element_type=\"container\" data-e-type=\"container\">\n\t\t\t\t<div class=\"elementor-element elementor-element-561330b elementor-widget elementor-widget-text-editor\" data-id=\"561330b\" data-element_type=\"widget\" data-e-type=\"widget\" data-widget_type=\"text-editor.default\">\n\t\t\t\t\t\t\t\t\t<p>Ja, du kan s\u00e4kert ta EderaGard \u00e4ven om du har en allergi eller intolerans. I allm\u00e4nhet \u00e4r det k\u00e4nt att barn som v\u00e4xer upp p\u00e5 g\u00e5rdar i kontakt med djur och natur \u00e4r mindre allergiska och intoleranta \u00e4n barn i st\u00e4der, d\u00e4r det saknas exponering f\u00f6r naturliga \u00e4mnen som p\u00e5 landsbygden, delvis p\u00e5 grund av missf\u00f6rst\u00e5dd eller \u00f6verdriven hygien, vilket till exempel kan f\u00e5 immunsystemet att &#8221;ta upp kampen&#8221; med t.ex. r\u00e4kskal eller andra saker i avsaknad av faktiska stimuli. Grundtanken bakom utvecklingen av EderaGard var att ge anv\u00e4ndarna en s\u00e4ker exponering f\u00f6r marksubstanser som det r\u00e5der brist p\u00e5 i moderna, v\u00e4sterl\u00e4ndska samh\u00e4llen.   <\/p>\n\t\t\t\t\t\t\t\t<\/div>\n\t\t\t\t<\/div>\n\t\t\t\t\t<\/details>\n\t\t\t\t\t\t<details id=\"e-n-accordion-item-25410\" class=\"e-n-accordion-item\" >\n\t\t\t\t<summary class=\"e-n-accordion-item-title\" data-accordion-index=\"11\" tabindex=\"-1\" aria-expanded=\"false\" aria-controls=\"e-n-accordion-item-25410\" >\n\t\t\t\t\t<span class='e-n-accordion-item-title-header'><div class=\"e-n-accordion-item-title-text\"> Jag har sv\u00e5rt att sv\u00e4lja kapslar\/tabletter. Kan jag ta EcoGard\/EderaGard i pulverform?  <\/div><\/span>\n\t\t\t\t\t\t\t<span class='e-n-accordion-item-title-icon'>\n\t\t\t<span class='e-opened' ><i aria-hidden=\"true\" class=\"fas fa-chevron-up\"><\/i><\/span>\n\t\t\t<span class='e-closed'><i aria-hidden=\"true\" class=\"fas fa-chevron-down\"><\/i><\/span>\n\t\t<\/span>\n\n\t\t\t\t\t\t<\/summary>\n\t\t\t\t<div role=\"region\" aria-labelledby=\"e-n-accordion-item-25410\" class=\"elementor-element elementor-element-74c1184 e-con-full e-flex e-con e-child\" data-id=\"74c1184\" data-element_type=\"container\" data-e-type=\"container\">\n\t\t\t\t<div class=\"elementor-element elementor-element-05bdb36 elementor-widget elementor-widget-text-editor\" data-id=\"05bdb36\" data-element_type=\"widget\" data-e-type=\"widget\" data-widget_type=\"text-editor.default\">\n\t\t\t\t\t\t\t\t\t<p>EcoGard-kapslarna \u00e4r s\u00e5 stora att vissa personer kan ha sv\u00e5rt att sv\u00e4lja dem, \u00e4ven med stora m\u00e4ngder dryck. Det \u00e4r inget fel med att \u00f6ppna kapslarna, t\u00f6mma ut inneh\u00e5llet och blanda med mat eller dryck, t.ex. sylt eller gr\u00f6t. <\/p>\n<p>EderaGard-tabletterna \u00e4r sm\u00e5, men det \u00e4r flera tabletter som ska sv\u00e4ljas innan r\u00e4tt dos uppn\u00e5s (4-6 tabletter per dag). Tabletterna \u00e4r ytbehandlade f\u00f6r att g\u00f6ra det l\u00e4ttare att sv\u00e4lja dem. Ytbehandlingen skyddar ocks\u00e5 mot den intensiva svarta f\u00e4rgen inuti tabletterna, som annars skulle kunna n\u00f6tas bort i munnen. Det \u00e4r helt s\u00e4kert att tugga EderaGard-tabletterna, men du b\u00f6r r\u00e4kna med att f\u00e5 en svart f\u00e4rg i munnen. Det \u00e4r b\u00e4ttre att krossa tabletterna och blanda dem i n\u00e5gon form av mat, t.ex. leverpastej, gr\u00f6t eller n\u00e5got annat, men den svarta f\u00e4rgen \u00e4r fortfarande ganska stark.    <\/p>\n\t\t\t\t\t\t\t\t<\/div>\n\t\t\t\t<\/div>\n\t\t\t\t\t<\/details>\n\t\t\t\t\t<\/div>\n\t\t\t\t\t\t<\/div>\n\t\t\t\t<div class=\"elementor-element elementor-element-0ecd8fa elementor-widget elementor-widget-spacer\" data-id=\"0ecd8fa\" data-element_type=\"widget\" data-e-type=\"widget\" data-widget_type=\"spacer.default\">\n\t\t\t\t\t\t\t<div class=\"elementor-spacer\">\n\t\t\t<div class=\"elementor-spacer-inner\"><\/div>\n\t\t<\/div>\n\t\t\t\t\t\t<\/div>\n\t\t\t\t<div class=\"elementor-element elementor-element-ea6d69d elementor-widget elementor-widget-heading\" data-id=\"ea6d69d\" data-element_type=\"widget\" data-e-type=\"widget\" data-widget_type=\"heading.default\">\n\t\t\t\t\t<h2 class=\"elementor-heading-title elementor-size-default\">Best\u00e4llning och leverans<\/h2>\t\t\t\t<\/div>\n\t\t\t\t<div class=\"elementor-element elementor-element-6886e7f elementor-widget__width-initial elementor-widget-mobile__width-inherit elementor-widget elementor-widget-n-accordion\" data-id=\"6886e7f\" data-element_type=\"widget\" data-e-type=\"widget\" data-settings=\"{&quot;default_state&quot;:&quot;all_collapsed&quot;,&quot;max_items_expended&quot;:&quot;one&quot;,&quot;n_accordion_animation_duration&quot;:{&quot;unit&quot;:&quot;ms&quot;,&quot;size&quot;:400,&quot;sizes&quot;:[]}}\" data-widget_type=\"nested-accordion.default\">\n\t\t\t\t\t\t\t<div class=\"e-n-accordion\" aria-label=\"Accordion. Open links with Enter or Space, close with Escape, and navigate with Arrow Keys\">\n\t\t\t\t\t\t<details id=\"e-n-accordion-item-1090\" class=\"e-n-accordion-item\" >\n\t\t\t\t<summary class=\"e-n-accordion-item-title\" data-accordion-index=\"1\" tabindex=\"0\" aria-expanded=\"false\" aria-controls=\"e-n-accordion-item-1090\" >\n\t\t\t\t\t<span class='e-n-accordion-item-title-header'><div class=\"e-n-accordion-item-title-text\"> Hur kommer min best\u00e4llning att expedieras? M\u00e5ste jag g\u00e5 till postkontoret f\u00f6r att h\u00e4mta ut den?  <\/div><\/span>\n\t\t\t\t\t\t\t<span class='e-n-accordion-item-title-icon'>\n\t\t\t<span class='e-opened' ><i aria-hidden=\"true\" class=\"fas fa-chevron-up\"><\/i><\/span>\n\t\t\t<span class='e-closed'><i aria-hidden=\"true\" class=\"fas fa-chevron-down\"><\/i><\/span>\n\t\t<\/span>\n\n\t\t\t\t\t\t<\/summary>\n\t\t\t\t<div role=\"region\" aria-labelledby=\"e-n-accordion-item-1090\" class=\"elementor-element elementor-element-fc12170 e-con-full e-flex e-con e-child\" data-id=\"fc12170\" data-element_type=\"container\" data-e-type=\"container\">\n\t\t\t\t<div class=\"elementor-element elementor-element-c68688a elementor-widget elementor-widget-text-editor\" data-id=\"c68688a\" data-element_type=\"widget\" data-e-type=\"widget\" data-widget_type=\"text-editor.default\">\n\t\t\t\t\t\t\t\t\t<p>Vi skickar allt som A-post (brevpost utan sp\u00e5rningsnummer). F\u00f6rs\u00e4ndelsen kommer d\u00e5 direkt i din brevl\u00e5da, s\u00e5 du beh\u00f6ver inte \u00e5ka n\u00e5gonstans f\u00f6r att h\u00e4mta den. <\/p>\n\t\t\t\t\t\t\t\t<\/div>\n\t\t\t\t<\/div>\n\t\t\t\t\t<\/details>\n\t\t\t\t\t\t<details id=\"e-n-accordion-item-1091\" class=\"e-n-accordion-item\" >\n\t\t\t\t<summary class=\"e-n-accordion-item-title\" data-accordion-index=\"2\" tabindex=\"-1\" aria-expanded=\"false\" aria-controls=\"e-n-accordion-item-1091\" >\n\t\t\t\t\t<span class='e-n-accordion-item-title-header'><div class=\"e-n-accordion-item-title-text\"> Varf\u00f6r har jag inte f\u00e5tt n\u00e5gon sp\u00e5rningskod efter att jag lagt min best\u00e4llning? <\/div><\/span>\n\t\t\t\t\t\t\t<span class='e-n-accordion-item-title-icon'>\n\t\t\t<span class='e-opened' ><i aria-hidden=\"true\" class=\"fas fa-chevron-up\"><\/i><\/span>\n\t\t\t<span class='e-closed'><i aria-hidden=\"true\" class=\"fas fa-chevron-down\"><\/i><\/span>\n\t\t<\/span>\n\n\t\t\t\t\t\t<\/summary>\n\t\t\t\t<div role=\"region\" aria-labelledby=\"e-n-accordion-item-1091\" class=\"elementor-element elementor-element-cf6443e e-con-full e-flex e-con e-child\" data-id=\"cf6443e\" data-element_type=\"container\" data-e-type=\"container\">\n\t\t\t\t<div class=\"elementor-element elementor-element-d1fe17b elementor-widget elementor-widget-text-editor\" data-id=\"d1fe17b\" data-element_type=\"widget\" data-e-type=\"widget\" data-widget_type=\"text-editor.default\">\n\t\t\t\t\t\t\t\t\t<p>Vi anv\u00e4nder inte sp\u00e5rningsnummer, utan skickar allt som A-post (brevpost).<\/p>\n\t\t\t\t\t\t\t\t<\/div>\n\t\t\t\t<\/div>\n\t\t\t\t\t<\/details>\n\t\t\t\t\t\t<details id=\"e-n-accordion-item-1092\" class=\"e-n-accordion-item\" >\n\t\t\t\t<summary class=\"e-n-accordion-item-title\" data-accordion-index=\"3\" tabindex=\"-1\" aria-expanded=\"false\" aria-controls=\"e-n-accordion-item-1092\" >\n\t\t\t\t\t<span class='e-n-accordion-item-title-header'><div class=\"e-n-accordion-item-title-text\"> Jag har best\u00e4llt m\u00e5nga f\u00f6rpackningar med produkter men bara f\u00e5tt n\u00e5gra av dem. N\u00e4r kommer resten att anl\u00e4nda?  <\/div><\/span>\n\t\t\t\t\t\t\t<span class='e-n-accordion-item-title-icon'>\n\t\t\t<span class='e-opened' ><i aria-hidden=\"true\" class=\"fas fa-chevron-up\"><\/i><\/span>\n\t\t\t<span class='e-closed'><i aria-hidden=\"true\" class=\"fas fa-chevron-down\"><\/i><\/span>\n\t\t<\/span>\n\n\t\t\t\t\t\t<\/summary>\n\t\t\t\t<div role=\"region\" aria-labelledby=\"e-n-accordion-item-1092\" class=\"elementor-element elementor-element-2325887 e-con-full e-flex e-con e-child\" data-id=\"2325887\" data-element_type=\"container\" data-e-type=\"container\">\n\t\t\t\t<div class=\"elementor-element elementor-element-5f8df75 elementor-widget elementor-widget-text-editor\" data-id=\"5f8df75\" data-element_type=\"widget\" data-e-type=\"widget\" data-widget_type=\"text-editor.default\">\n\t\t\t\t\t\t\t\t\t<p>Alla best\u00e4llningar skickas i standardpostl\u00e5dor som rymmer upp till 2 f\u00f6rpackningar EderaGard\/EcoGard. Best\u00e4llningar p\u00e5 mer \u00e4n 2 f\u00f6rpackningar av produkten f\u00f6rdelas d\u00e4rf\u00f6r p\u00e5 flera postl\u00e5dor. Det \u00e4r inte ovanligt att dessa anl\u00e4nder p\u00e5 olika dagar \u00e4ven om de skickas fr\u00e5n oss vid samma tidpunkt.  <\/p>\n\t\t\t\t\t\t\t\t<\/div>\n\t\t\t\t<\/div>\n\t\t\t\t\t<\/details>\n\t\t\t\t\t\t<details id=\"e-n-accordion-item-1093\" class=\"e-n-accordion-item\" >\n\t\t\t\t<summary class=\"e-n-accordion-item-title\" data-accordion-index=\"4\" tabindex=\"-1\" aria-expanded=\"false\" aria-controls=\"e-n-accordion-item-1093\" >\n\t\t\t\t\t<span class='e-n-accordion-item-title-header'><div class=\"e-n-accordion-item-title-text\"> N\u00e4r kan jag f\u00f6rv\u00e4nta mig att f\u00e5 den produkt jag best\u00e4llt? <\/div><\/span>\n\t\t\t\t\t\t\t<span class='e-n-accordion-item-title-icon'>\n\t\t\t<span class='e-opened' ><i aria-hidden=\"true\" class=\"fas fa-chevron-up\"><\/i><\/span>\n\t\t\t<span class='e-closed'><i aria-hidden=\"true\" class=\"fas fa-chevron-down\"><\/i><\/span>\n\t\t<\/span>\n\n\t\t\t\t\t\t<\/summary>\n\t\t\t\t<div role=\"region\" aria-labelledby=\"e-n-accordion-item-1093\" class=\"elementor-element elementor-element-ac9165a e-con-full e-flex e-con e-child\" data-id=\"ac9165a\" data-element_type=\"container\" data-e-type=\"container\">\n\t\t\t\t<div class=\"elementor-element elementor-element-6c76a53 elementor-widget elementor-widget-text-editor\" data-id=\"6c76a53\" data-element_type=\"widget\" data-e-type=\"widget\" data-widget_type=\"text-editor.default\">\n\t\t\t\t\t\t\t\t\t<p>Eftersom best\u00e4llningarna skickas som A-post (brevpost utan sp\u00e5rningsnummer) \u00e4r det sv\u00e5rt att ge ett specifikt antal dagar, men det b\u00f6r ta samma tid som f\u00f6r annan brevpost fr\u00e5n Bergen (d\u00e4r vi finns) till d\u00e4r du bor. I verkligheten beror utdelningstiden p\u00e5 Postens rutiner, bland annat utdelningen av post d\u00e4r du bor, som vi inte kan styra \u00f6ver, men som tyv\u00e4rr g\u00e5r l\u00e5ngsammare \u00e4n f\u00f6r bara n\u00e5gra \u00e5r sedan. S\u00e5 lite t\u00e5lamod \u00e4r bra att ha.  <\/p>\n\t\t\t\t\t\t\t\t<\/div>\n\t\t\t\t<\/div>\n\t\t\t\t\t<\/details>\n\t\t\t\t\t\t<details id=\"e-n-accordion-item-1094\" class=\"e-n-accordion-item\" >\n\t\t\t\t<summary class=\"e-n-accordion-item-title\" data-accordion-index=\"5\" tabindex=\"-1\" aria-expanded=\"false\" aria-controls=\"e-n-accordion-item-1094\" >\n\t\t\t\t\t<span class='e-n-accordion-item-title-header'><div class=\"e-n-accordion-item-title-text\"> Jag har v\u00e4ntat l\u00e4nge p\u00e5 min best\u00e4llning. N\u00e4r kommer den att komma?  <\/div><\/span>\n\t\t\t\t\t\t\t<span class='e-n-accordion-item-title-icon'>\n\t\t\t<span class='e-opened' ><i aria-hidden=\"true\" class=\"fas fa-chevron-up\"><\/i><\/span>\n\t\t\t<span class='e-closed'><i aria-hidden=\"true\" class=\"fas fa-chevron-down\"><\/i><\/span>\n\t\t<\/span>\n\n\t\t\t\t\t\t<\/summary>\n\t\t\t\t<div role=\"region\" aria-labelledby=\"e-n-accordion-item-1094\" class=\"elementor-element elementor-element-74c3236 e-con-full e-flex e-con e-child\" data-id=\"74c3236\" data-element_type=\"container\" data-e-type=\"container\">\n\t\t\t\t<div class=\"elementor-element elementor-element-f432e7d elementor-widget elementor-widget-text-editor\" data-id=\"f432e7d\" data-element_type=\"widget\" data-e-type=\"widget\" data-widget_type=\"text-editor.default\">\n\t\t\t\t\t\t\t\t\t<p>Tyv\u00e4rr har vi inte kontroll \u00f6ver Postens rutiner g\u00e4llande leveranstider f\u00f6r A-post (brevpost utan sp\u00e5rningsnummer) eller postutdelning d\u00e4r du bor. Men lyckligtvis \u00e4r det extremt ovanligt att f\u00f6rs\u00e4ndelser kommer bort. Om det skulle ta oproportionerligt l\u00e5ng tid \u00e4r du v\u00e4lkommen att kontakta oss via kontaktformul\u00e4ret. V\u00e4nligen uppge ditt ordernummer.      <\/p>\n<p>Ibland f\u00e5r vi returf\u00f6rs\u00e4ndelser, n\u00e4stan alltid p\u00e5 grund av att kunden har flyttat till en ny adress eller att brevb\u00e4raren inte hittar brevl\u00e5dan (d\u00e5lig m\u00e4rkning eller annan orsak). I s\u00e5dana fall kontaktar vi kunden via e-post s\u00e5 snart som m\u00f6jligt f\u00f6r att bekr\u00e4fta leveransadressen, varefter ordern skickas till den adress som kunden har angett. <\/p>\n\t\t\t\t\t\t\t\t<\/div>\n\t\t\t\t<\/div>\n\t\t\t\t\t<\/details>\n\t\t\t\t\t\t<details id=\"e-n-accordion-item-1095\" class=\"e-n-accordion-item\" >\n\t\t\t\t<summary class=\"e-n-accordion-item-title\" data-accordion-index=\"6\" tabindex=\"-1\" aria-expanded=\"false\" aria-controls=\"e-n-accordion-item-1095\" >\n\t\t\t\t\t<span class='e-n-accordion-item-title-header'><div class=\"e-n-accordion-item-title-text\"> Det finns en upps\u00e4gningsblankett i brevl\u00e5dan. Har jag tecknat ett abonnemangsavtal?  <\/div><\/span>\n\t\t\t\t\t\t\t<span class='e-n-accordion-item-title-icon'>\n\t\t\t<span class='e-opened' ><i aria-hidden=\"true\" class=\"fas fa-chevron-up\"><\/i><\/span>\n\t\t\t<span class='e-closed'><i aria-hidden=\"true\" class=\"fas fa-chevron-down\"><\/i><\/span>\n\t\t<\/span>\n\n\t\t\t\t\t\t<\/summary>\n\t\t\t\t<div role=\"region\" aria-labelledby=\"e-n-accordion-item-1095\" class=\"elementor-element elementor-element-da38f95 e-con-full e-flex e-con e-child\" data-id=\"da38f95\" data-element_type=\"container\" data-e-type=\"container\">\n\t\t\t\t<div class=\"elementor-element elementor-element-9ba6154 elementor-widget elementor-widget-text-editor\" data-id=\"9ba6154\" data-element_type=\"widget\" data-e-type=\"widget\" data-widget_type=\"text-editor.default\">\n\t\t\t\t\t\t\t\t\t<p>Vi \u00e4r skyldiga av regeringen att inkludera ett \u00e5ngerformul\u00e4r med text som specificeras av regeringen, och ibland tolkar kunder detta som en prenumeration (eftersom formul\u00e4ret anv\u00e4nder ordet &#8221;avtal&#8221;), men detta formul\u00e4r g\u00e4ller endast f\u00f6r denna enda best\u00e4llning, vid \u00e5nger, och \u00e4r <u>inte<\/u> en prenumeration.<\/p>\n\t\t\t\t\t\t\t\t<\/div>\n\t\t\t\t<\/div>\n\t\t\t\t\t<\/details>\n\t\t\t\t\t\t<details id=\"e-n-accordion-item-1096\" class=\"e-n-accordion-item\" >\n\t\t\t\t<summary class=\"e-n-accordion-item-title\" data-accordion-index=\"7\" tabindex=\"-1\" aria-expanded=\"false\" aria-controls=\"e-n-accordion-item-1096\" >\n\t\t\t\t\t<span class='e-n-accordion-item-title-header'><div class=\"e-n-accordion-item-title-text\"> Hur tecknar jag en prenumeration? <\/div><\/span>\n\t\t\t\t\t\t\t<span class='e-n-accordion-item-title-icon'>\n\t\t\t<span class='e-opened' ><i aria-hidden=\"true\" class=\"fas fa-chevron-up\"><\/i><\/span>\n\t\t\t<span class='e-closed'><i aria-hidden=\"true\" class=\"fas fa-chevron-down\"><\/i><\/span>\n\t\t<\/span>\n\n\t\t\t\t\t\t<\/summary>\n\t\t\t\t<div role=\"region\" aria-labelledby=\"e-n-accordion-item-1096\" class=\"elementor-element elementor-element-db3c537 e-con-full e-flex e-con e-child\" data-id=\"db3c537\" data-element_type=\"container\" data-e-type=\"container\">\n\t\t\t\t<div class=\"elementor-element elementor-element-9003bb5 elementor-widget elementor-widget-text-editor\" data-id=\"9003bb5\" data-element_type=\"widget\" data-e-type=\"widget\" data-widget_type=\"text-editor.default\">\n\t\t\t\t\t\t\t\t\t<p>Prenumerationer tecknas av kunden. N\u00e4r det g\u00e4ller EderaGard hittar du ett alternativ i webbutiken (precis ovanf\u00f6r knappen &#8221;l\u00e4gg i korgen&#8221;). Du kan antingen v\u00e4lja &#8221;k\u00f6p en g\u00e5ng&#8221; eller &#8221;prenumeration&#8221;. Om du v\u00e4ljer det senare alternativet kommer du att se en &#8221;rullgardinsmeny&#8221; d\u00e4r du kan v\u00e4lja tre olika alternativ: Varje m\u00e5nad, var 3:e vecka eller var 2:a vecka. N\u00e4r det g\u00e4ller EcoGard finns det bara ett prenumerationsalternativ: Ett paket varannan m\u00e5nad.      <\/p>\n\t\t\t\t\t\t\t\t<\/div>\n\t\t\t\t<\/div>\n\t\t\t\t\t<\/details>\n\t\t\t\t\t\t<details id=\"e-n-accordion-item-1097\" class=\"e-n-accordion-item\" >\n\t\t\t\t<summary class=\"e-n-accordion-item-title\" data-accordion-index=\"8\" tabindex=\"-1\" aria-expanded=\"false\" aria-controls=\"e-n-accordion-item-1097\" >\n\t\t\t\t\t<span class='e-n-accordion-item-title-header'><div class=\"e-n-accordion-item-title-text\"> Hur l\u00e4nge g\u00e4ller ett abonnemang? Finns det n\u00e5gon bindningstid?  <\/div><\/span>\n\t\t\t\t\t\t\t<span class='e-n-accordion-item-title-icon'>\n\t\t\t<span class='e-opened' ><i aria-hidden=\"true\" class=\"fas fa-chevron-up\"><\/i><\/span>\n\t\t\t<span class='e-closed'><i aria-hidden=\"true\" class=\"fas fa-chevron-down\"><\/i><\/span>\n\t\t<\/span>\n\n\t\t\t\t\t\t<\/summary>\n\t\t\t\t<div role=\"region\" aria-labelledby=\"e-n-accordion-item-1097\" class=\"elementor-element elementor-element-ad57f39 e-con-full e-flex e-con e-child\" data-id=\"ad57f39\" data-element_type=\"container\" data-e-type=\"container\">\n\t\t\t\t<div class=\"elementor-element elementor-element-30844a3 elementor-widget elementor-widget-text-editor\" data-id=\"30844a3\" data-element_type=\"widget\" data-e-type=\"widget\" data-widget_type=\"text-editor.default\">\n\t\t\t\t\t\t\t\t\tAbonnemanget l\u00f6per tills det s\u00e4gs upp av kunden. Det finns ingen bindningstid. \n\t\t\t\t\t\t\t\t<\/div>\n\t\t\t\t<\/div>\n\t\t\t\t\t<\/details>\n\t\t\t\t\t\t<details id=\"e-n-accordion-item-1098\" class=\"e-n-accordion-item\" >\n\t\t\t\t<summary class=\"e-n-accordion-item-title\" data-accordion-index=\"9\" tabindex=\"-1\" aria-expanded=\"false\" aria-controls=\"e-n-accordion-item-1098\" >\n\t\t\t\t\t<span class='e-n-accordion-item-title-header'><div class=\"e-n-accordion-item-title-text\"> Varf\u00f6r fungerar inte min rabattkod? <\/div><\/span>\n\t\t\t\t\t\t\t<span class='e-n-accordion-item-title-icon'>\n\t\t\t<span class='e-opened' ><i aria-hidden=\"true\" class=\"fas fa-chevron-up\"><\/i><\/span>\n\t\t\t<span class='e-closed'><i aria-hidden=\"true\" class=\"fas fa-chevron-down\"><\/i><\/span>\n\t\t<\/span>\n\n\t\t\t\t\t\t<\/summary>\n\t\t\t\t<div role=\"region\" aria-labelledby=\"e-n-accordion-item-1098\" class=\"elementor-element elementor-element-5e41ab4 e-con-full e-flex e-con e-child\" data-id=\"5e41ab4\" data-element_type=\"container\" data-e-type=\"container\">\n\t\t\t\t<div class=\"elementor-element elementor-element-fa68be7 elementor-widget elementor-widget-text-editor\" data-id=\"fa68be7\" data-element_type=\"widget\" data-e-type=\"widget\" data-widget_type=\"text-editor.default\">\n\t\t\t\t\t\t\t\t\t<p>D\u00e5 och d\u00e5 erbjuder vi en rabatt kopplad till en specifik rabattkod. Dessa har en begr\u00e4nsad giltighetstid och kan oftast bara anv\u00e4ndas en g\u00e5ng per kund. Detta anges d\u00e4r du hittar rabattkoden (v\u00e5r hemsida, poddar eller annat). Om rabattkoden inte fungerar beror det antingen p\u00e5 att den har g\u00e5tt ut eller p\u00e5 att den har anv\u00e4nts tidigare.    <\/p>\n<p>Om du g\u00e5r lite fram och tillbaka medan du l\u00e4gger en order kan handelssystemet registrera rabattkoden som <u>anv\u00e4nd<\/u>, trots att du inte har slutf\u00f6rt aff\u00e4ren. D\u00e4rf\u00f6r \u00e4r det <u>viktigt<\/u> att du inte l\u00e4mnar webbplatsen (g\u00e5r tillbaka) f\u00f6rr\u00e4n du har bekr\u00e4ftat att ordern \u00e4r i sin ordning. <\/p>\n\t\t\t\t\t\t\t\t<\/div>\n\t\t\t\t<\/div>\n\t\t\t\t\t<\/details>\n\t\t\t\t\t\t<details id=\"e-n-accordion-item-1099\" class=\"e-n-accordion-item\" >\n\t\t\t\t<summary class=\"e-n-accordion-item-title\" data-accordion-index=\"10\" tabindex=\"-1\" aria-expanded=\"false\" aria-controls=\"e-n-accordion-item-1099\" >\n\t\t\t\t\t<span class='e-n-accordion-item-title-header'><div class=\"e-n-accordion-item-title-text\"> Jag har problem med min best\u00e4llning. Vad ska jag g\u00f6ra?  <\/div><\/span>\n\t\t\t\t\t\t\t<span class='e-n-accordion-item-title-icon'>\n\t\t\t<span class='e-opened' ><i aria-hidden=\"true\" class=\"fas fa-chevron-up\"><\/i><\/span>\n\t\t\t<span class='e-closed'><i aria-hidden=\"true\" class=\"fas fa-chevron-down\"><\/i><\/span>\n\t\t<\/span>\n\n\t\t\t\t\t\t<\/summary>\n\t\t\t\t<div role=\"region\" aria-labelledby=\"e-n-accordion-item-1099\" class=\"elementor-element elementor-element-4c666dc e-con-full e-flex e-con e-child\" data-id=\"4c666dc\" data-element_type=\"container\" data-e-type=\"container\">\n\t\t\t\t<div class=\"elementor-element elementor-element-4448344 elementor-widget elementor-widget-text-editor\" data-id=\"4448344\" data-element_type=\"widget\" data-e-type=\"widget\" data-widget_type=\"text-editor.default\">\n\t\t\t\t\t\t\t\t\t<p>S\u00e5 l\u00e4nge best\u00e4llningarna kommer in som vanligt \u00e4r det inget fel p\u00e5 vare sig best\u00e4llningssystemet eller betalningssystemet. Av erfarenhet vet vi att n\u00e4r kunder har problem med sj\u00e4lva betalningen beror det oftast p\u00e5 att de har gjort n\u00e5got fel n\u00e4r de fyllt i formul\u00e4ret, s\u00e5 v\u00e5rt b\u00e4sta r\u00e5d \u00e4r att f\u00f6rs\u00f6ka igen, kanske lite senare. <\/p>\n<p>Ibland h\u00e4nder det dock att best\u00e4llningar som registrerats hos oss inte g\u00e5r igenom. Vanligtvis \u00e4r orsaken att det inte finns n\u00e5gon kredit p\u00e5 kortet eller Vipps. Ordern ligger d\u00e5 kvar hos oss med status &#8221;i v\u00e4ntan p\u00e5 betalning&#8221;. Om du ser till att det finns tillr\u00e4ckligt med kredit kommer ordern automatiskt att \u00e4ndra status hos oss s\u00e5 att vi kan behandla den. Om ordern d\u00e4remot ligger kvar med status &#8221;i v\u00e4ntan p\u00e5 betalning&#8221; i n\u00e5gra dagar kommer vi att kontakta kunden via e-post s\u00e5 att den kan korrigeras.     <\/p>\n\t\t\t\t\t\t\t\t<\/div>\n\t\t\t\t<\/div>\n\t\t\t\t\t<\/details>\n\t\t\t\t\t\t<details id=\"e-n-accordion-item-10910\" class=\"e-n-accordion-item\" >\n\t\t\t\t<summary class=\"e-n-accordion-item-title\" data-accordion-index=\"11\" tabindex=\"-1\" aria-expanded=\"false\" aria-controls=\"e-n-accordion-item-10910\" >\n\t\t\t\t\t<span class='e-n-accordion-item-title-header'><div class=\"e-n-accordion-item-title-text\"> Kan jag \u00e4ndra min adress tillf\u00e4lligt n\u00e4r jag bor p\u00e5 en annan adress (resa, semester, stuga)?   <\/div><\/span>\n\t\t\t\t\t\t\t<span class='e-n-accordion-item-title-icon'>\n\t\t\t<span class='e-opened' ><i aria-hidden=\"true\" class=\"fas fa-chevron-up\"><\/i><\/span>\n\t\t\t<span class='e-closed'><i aria-hidden=\"true\" class=\"fas fa-chevron-down\"><\/i><\/span>\n\t\t<\/span>\n\n\t\t\t\t\t\t<\/summary>\n\t\t\t\t<div role=\"region\" aria-labelledby=\"e-n-accordion-item-10910\" class=\"elementor-element elementor-element-37f3a62 e-con-full e-flex e-con e-child\" data-id=\"37f3a62\" data-element_type=\"container\" data-e-type=\"container\">\n\t\t\t\t<div class=\"elementor-element elementor-element-047986b elementor-widget elementor-widget-text-editor\" data-id=\"047986b\" data-element_type=\"widget\" data-e-type=\"widget\" data-widget_type=\"text-editor.default\">\n\t\t\t\t\t\t\t\t\t<p>Vi rekommenderar att du anger din tillf\u00e4lliga adress i f\u00e4ltet NOTAT n\u00e4r du best\u00e4ller, s\u00e5 skickar vi best\u00e4llningen dit. Det \u00e4r ocks\u00e5 m\u00f6jligt att \u00e4ndra den adress som \u00e4r angiven f\u00f6r dig, men vi rekommenderar inte det eftersom det \u00e4r l\u00e4tt att gl\u00f6mma att den m\u00e5ste \u00e4ndras tillbaka igen n\u00e4r du \u00e5terv\u00e4nder till din permanenta adress. Detta \u00e4r s\u00e4rskilt viktigt f\u00f6r v\u00e5ra prenumeranter. Eftersom allt i webbutiken sker automatiskt kan vi inte <strong><u>kan vi inte<\/u><\/strong> vi inte ta emot alternativa adresser (stuga, semester, hem etc.) via e-post.   <\/p>\n\t\t\t\t\t\t\t\t<\/div>\n\t\t\t\t<\/div>\n\t\t\t\t\t<\/details>\n\t\t\t\t\t<\/div>\n\t\t\t\t\t\t<\/div>\n\t\t\t\t<div class=\"elementor-element elementor-element-04f1aa9 elementor-widget elementor-widget-spacer\" data-id=\"04f1aa9\" data-element_type=\"widget\" data-e-type=\"widget\" data-widget_type=\"spacer.default\">\n\t\t\t\t\t\t\t<div class=\"elementor-spacer\">\n\t\t\t<div class=\"elementor-spacer-inner\"><\/div>\n\t\t<\/div>\n\t\t\t\t\t\t<\/div>\n\t\t\t\t<div class=\"elementor-element elementor-element-86f3fd6 elementor-widget elementor-widget-heading\" data-id=\"86f3fd6\" data-element_type=\"widget\" data-e-type=\"widget\" data-widget_type=\"heading.default\">\n\t\t\t\t\t<h2 class=\"elementor-heading-title elementor-size-default\">\u00d6vriga fr\u00e5gor<\/h2>\t\t\t\t<\/div>\n\t\t\t\t<div class=\"elementor-element elementor-element-669ddd0 elementor-widget__width-initial elementor-widget-mobile__width-inherit elementor-widget elementor-widget-n-accordion\" data-id=\"669ddd0\" data-element_type=\"widget\" data-e-type=\"widget\" data-settings=\"{&quot;default_state&quot;:&quot;all_collapsed&quot;,&quot;max_items_expended&quot;:&quot;one&quot;,&quot;n_accordion_animation_duration&quot;:{&quot;unit&quot;:&quot;ms&quot;,&quot;size&quot;:400,&quot;sizes&quot;:[]}}\" data-widget_type=\"nested-accordion.default\">\n\t\t\t\t\t\t\t<div class=\"e-n-accordion\" aria-label=\"Accordion. Open links with Enter or Space, close with Escape, and navigate with Arrow Keys\">\n\t\t\t\t\t\t<details id=\"e-n-accordion-item-1070\" class=\"e-n-accordion-item\" >\n\t\t\t\t<summary class=\"e-n-accordion-item-title\" data-accordion-index=\"1\" tabindex=\"0\" aria-expanded=\"false\" aria-controls=\"e-n-accordion-item-1070\" >\n\t\t\t\t\t<span class='e-n-accordion-item-title-header'><div class=\"e-n-accordion-item-title-text\"> \u00c4r det m\u00f6jligt att vara med och testa produkterna? <\/div><\/span>\n\t\t\t\t\t\t\t<span class='e-n-accordion-item-title-icon'>\n\t\t\t<span class='e-opened' ><i aria-hidden=\"true\" class=\"fas fa-chevron-up\"><\/i><\/span>\n\t\t\t<span class='e-closed'><i aria-hidden=\"true\" class=\"fas fa-chevron-down\"><\/i><\/span>\n\t\t<\/span>\n\n\t\t\t\t\t\t<\/summary>\n\t\t\t\t<div role=\"region\" aria-labelledby=\"e-n-accordion-item-1070\" class=\"elementor-element elementor-element-43691e4 e-con-full e-flex e-con e-child\" data-id=\"43691e4\" data-element_type=\"container\" data-e-type=\"container\">\n\t\t\t\t<div class=\"elementor-element elementor-element-763ae4a elementor-widget elementor-widget-text-editor\" data-id=\"763ae4a\" data-element_type=\"widget\" data-e-type=\"widget\" data-widget_type=\"text-editor.default\">\n\t\t\t\t\t\t\t\t\t<p>Produkterna uppfyller alla krav f\u00f6r kosttillskott och vi genomf\u00f6r inga studier eller tester p\u00e5 m\u00e4nniskor. Emellan\u00e5t genomf\u00f6r vi dock marknadsunders\u00f6kningar d\u00e4r ett begr\u00e4nsat antal personer anm\u00e4ler sig till v\u00e5r Erfarenhets- och Kompetenspanel. S\u00e5dana marknadsunders\u00f6kningar kommer normalt att genomf\u00f6ras under senh\u00f6sten\/vintern. Anm\u00e4lan kommer att meddelas h\u00e4r i webbshoppen, p\u00e5 denna sida: <a href=\"https:\/\/ederagenhelse.no\/ny2026\/sv\/kontakta-oss\/\">https:\/\/ederagenhelse.no\/ny2026\/kontakt-oss\/<\/a> D\u00e4r kommer det sedan att finnas en separat &#8221;drop-down&#8221; f\u00f6r anm\u00e4lan. Anm\u00e4lan kommer \u00e4ven att meddelas p\u00e5 v\u00e5ra Facebook- och Instagram-sidor.    <\/p>\n\t\t\t\t\t\t\t\t<\/div>\n\t\t\t\t<\/div>\n\t\t\t\t\t<\/details>\n\t\t\t\t\t\t<details id=\"e-n-accordion-item-1071\" class=\"e-n-accordion-item\" >\n\t\t\t\t<summary class=\"e-n-accordion-item-title\" data-accordion-index=\"2\" tabindex=\"-1\" aria-expanded=\"false\" aria-controls=\"e-n-accordion-item-1071\" >\n\t\t\t\t\t<span class='e-n-accordion-item-title-header'><div class=\"e-n-accordion-item-title-text\"> Har n\u00e5gra kliniska pr\u00f6vningar genomf\u00f6rts med produkterna? Vilken dokumentation har ni?  <\/div><\/span>\n\t\t\t\t\t\t\t<span class='e-n-accordion-item-title-icon'>\n\t\t\t<span class='e-opened' ><i aria-hidden=\"true\" class=\"fas fa-chevron-up\"><\/i><\/span>\n\t\t\t<span class='e-closed'><i aria-hidden=\"true\" class=\"fas fa-chevron-down\"><\/i><\/span>\n\t\t<\/span>\n\n\t\t\t\t\t\t<\/summary>\n\t\t\t\t<div role=\"region\" aria-labelledby=\"e-n-accordion-item-1071\" class=\"elementor-element elementor-element-14edf37 e-con-full e-flex e-con e-child\" data-id=\"14edf37\" data-element_type=\"container\" data-e-type=\"container\">\n\t\t\t\t<div class=\"elementor-element elementor-element-1f9347e elementor-widget elementor-widget-text-editor\" data-id=\"1f9347e\" data-element_type=\"widget\" data-e-type=\"widget\" data-widget_type=\"text-editor.default\">\n\t\t\t\t\t\t\t\t\t<p>Produkterna \u00e4r inte l\u00e4kemedel och d\u00e4rf\u00f6r genomf\u00f6rs inga kliniska pr\u00f6vningar. Beta-1,3\/1,6-glukanerna i EcoGard har karakteriserats i detalj i mer \u00e4n 30 \u00e5r n\u00e4r det g\u00e4ller kemisk struktur och verkningsmekanism. EderaGard \u00e4r en patentskyddad produkt som skiljer sig helt fr\u00e5n alla andra kosttillskott. Uppfinningen var s\u00e5 speciell att ett patent beviljades. Patentet \u00e4r offentligt tillg\u00e4ngligt p\u00e5 norska Patent- och registreringsverkets hemsida.    <\/p>\n\t\t\t\t\t\t\t\t<\/div>\n\t\t\t\t<\/div>\n\t\t\t\t\t<\/details>\n\t\t\t\t\t\t<details id=\"e-n-accordion-item-1072\" class=\"e-n-accordion-item\" >\n\t\t\t\t<summary class=\"e-n-accordion-item-title\" data-accordion-index=\"3\" tabindex=\"-1\" aria-expanded=\"false\" aria-controls=\"e-n-accordion-item-1072\" >\n\t\t\t\t\t<span class='e-n-accordion-item-title-header'><div class=\"e-n-accordion-item-title-text\"> Hur f\u00e5r jag svar p\u00e5 fr\u00e5gor som inte finns p\u00e5 den h\u00e4r sidan? <\/div><\/span>\n\t\t\t\t\t\t\t<span class='e-n-accordion-item-title-icon'>\n\t\t\t<span class='e-opened' ><i aria-hidden=\"true\" class=\"fas fa-chevron-up\"><\/i><\/span>\n\t\t\t<span class='e-closed'><i aria-hidden=\"true\" class=\"fas fa-chevron-down\"><\/i><\/span>\n\t\t<\/span>\n\n\t\t\t\t\t\t<\/summary>\n\t\t\t\t<div role=\"region\" aria-labelledby=\"e-n-accordion-item-1072\" class=\"elementor-element elementor-element-a825db4 e-con-full e-flex e-con e-child\" data-id=\"a825db4\" data-element_type=\"container\" data-e-type=\"container\">\n\t\t\t\t<div class=\"elementor-element elementor-element-d5e966c elementor-widget elementor-widget-text-editor\" data-id=\"d5e966c\" data-element_type=\"widget\" data-e-type=\"widget\" data-widget_type=\"text-editor.default\">\n\t\t\t\t\t\t\t\t\t<p>Anv\u00e4nd kontaktformul\u00e4ret, som du hittar h\u00e4r: <a href=\"https:\/\/ederagenhelse.no\/ny2026\/sv\/kontakta-oss\/\">https:\/\/ederagenhelse.no\/ny2026\/kontakt-oss\/.<\/a><\/p>\n\t\t\t\t\t\t\t\t<\/div>\n\t\t\t\t<\/div>\n\t\t\t\t\t<\/details>\n\t\t\t\t\t\t<details id=\"e-n-accordion-item-1073\" class=\"e-n-accordion-item\" >\n\t\t\t\t<summary class=\"e-n-accordion-item-title\" data-accordion-index=\"4\" tabindex=\"-1\" aria-expanded=\"false\" aria-controls=\"e-n-accordion-item-1073\" >\n\t\t\t\t\t<span class='e-n-accordion-item-title-header'><div class=\"e-n-accordion-item-title-text\"> Vilka k\u00f6pvillkor g\u00e4ller? <\/div><\/span>\n\t\t\t\t\t\t\t<span class='e-n-accordion-item-title-icon'>\n\t\t\t<span class='e-opened' ><i aria-hidden=\"true\" class=\"fas fa-chevron-up\"><\/i><\/span>\n\t\t\t<span class='e-closed'><i aria-hidden=\"true\" class=\"fas fa-chevron-down\"><\/i><\/span>\n\t\t<\/span>\n\n\t\t\t\t\t\t<\/summary>\n\t\t\t\t<div role=\"region\" aria-labelledby=\"e-n-accordion-item-1073\" class=\"elementor-element elementor-element-6298f03 e-con-full e-flex e-con e-child\" data-id=\"6298f03\" data-element_type=\"container\" data-e-type=\"container\">\n\t\t\t\t<div class=\"elementor-element elementor-element-2e93173 elementor-widget elementor-widget-text-editor\" data-id=\"2e93173\" data-element_type=\"widget\" data-e-type=\"widget\" data-widget_type=\"text-editor.default\">\n\t\t\t\t\t\t\t\t\t<p>V\u00e5ra k\u00f6pvillkor hittar du h\u00e4r: <a href=\"https:\/\/ederagenhelse.no\/ny2026\/kjopsbetingelser\/\">https:\/\/ederagenhelse.no\/ny2026\/kjopsbetingelser\/<\/a><\/p>\n\t\t\t\t\t\t\t\t<\/div>\n\t\t\t\t<\/div>\n\t\t\t\t\t<\/details>\n\t\t\t\t\t<\/div>\n\t\t\t\t\t\t<\/div>\n\t\t\t\t<div class=\"elementor-element elementor-element-3dec093 elementor-widget elementor-widget-spacer\" data-id=\"3dec093\" data-element_type=\"widget\" data-e-type=\"widget\" data-widget_type=\"spacer.default\">\n\t\t\t\t\t\t\t<div class=\"elementor-spacer\">\n\t\t\t<div class=\"elementor-spacer-inner\"><\/div>\n\t\t<\/div>\n\t\t\t\t\t\t<\/div>\n\t\t\t\t\t<\/div>\n\t\t\t\t<\/div>\n\t\t\t\t<\/div>\n\t\t","protected":false},"excerpt":{"rendered":"<p>Fr\u00e5gor och svar Produkterna Vad \u00e4r skillnaden mellan EderaGard och EcoGard? Vad ska jag v\u00e4lja? EcoGard bidrar till att st\u00e4rka det medf\u00f6dda immunf\u00f6rsvaret, vilket uppn\u00e5s med ett h\u00f6gt inneh\u00e5ll av betaglukaner isolerade fr\u00e5n bagerij\u00e4st, se https:\/\/ederagenhelse.no\/ny2026\/produkt\/ecogard\/. Produkten \u00e4r baserad p\u00e5 mer \u00e4n 30 \u00e5rs erfarenhet. EderaGard \u00e4r utformad f\u00f6r att ge det livsviktiga ekosystemet av [&hellip;]<\/p>\n","protected":false},"author":1,"featured_media":0,"parent":0,"menu_order":0,"comment_status":"closed","ping_status":"closed","template":"elementor_header_footer","meta":{"footnotes":""},"class_list":["post-13939","page","type-page","status-publish","hentry"],"yoast_head":"<!-- This site is optimized with the Yoast SEO plugin v27.4 - https:\/\/yoast.com\/product\/yoast-seo-wordpress\/ -->\n<title>VANLIGA FR\u00c5GOR - Ederagen Helse<\/title>\n<meta name=\"robots\" content=\"noindex, follow, max-snippet:-1, max-image-preview:large, max-video-preview:-1\" \/>\n<meta property=\"og:locale\" content=\"sv_SE\" \/>\n<meta property=\"og:type\" content=\"article\" \/>\n<meta property=\"og:title\" content=\"VANLIGA FR\u00c5GOR - Ederagen Helse\" \/>\n<meta property=\"og:description\" content=\"Fr\u00e5gor och svar Produkterna Vad \u00e4r skillnaden mellan EderaGard och EcoGard? Vad ska jag v\u00e4lja? EcoGard bidrar till att st\u00e4rka det medf\u00f6dda immunf\u00f6rsvaret, vilket uppn\u00e5s med ett h\u00f6gt inneh\u00e5ll av betaglukaner isolerade fr\u00e5n bagerij\u00e4st, se https:\/\/ederagenhelse.no\/ny2026\/produkt\/ecogard\/. Produkten \u00e4r baserad p\u00e5 mer \u00e4n 30 \u00e5rs erfarenhet. EderaGard \u00e4r utformad f\u00f6r att ge det livsviktiga ekosystemet av [&hellip;]\" \/>\n<meta property=\"og:url\" content=\"https:\/\/ederagenhelse.no\/ny2026\/sv\/vanliga-fragor\/\" \/>\n<meta property=\"og:site_name\" content=\"Ederagen Helse\" \/>\n<meta property=\"article:modified_time\" content=\"2025-01-31T08:58:25+00:00\" \/>\n<meta name=\"twitter:card\" content=\"summary_large_image\" \/>\n<meta name=\"twitter:label1\" content=\"Ber\u00e4knad l\u00e4stid\" \/>\n\t<meta name=\"twitter:data1\" content=\"30 minuter\" \/>\n<script type=\"application\/ld+json\" class=\"yoast-schema-graph\">{\"@context\":\"https:\\\/\\\/schema.org\",\"@graph\":[{\"@type\":\"WebPage\",\"@id\":\"https:\\\/\\\/ederagenhelse.no\\\/ny2026\\\/sv\\\/vanliga-fragor\\\/\",\"url\":\"https:\\\/\\\/ederagenhelse.no\\\/ny2026\\\/sv\\\/vanliga-fragor\\\/\",\"name\":\"VANLIGA FR\u00c5GOR - Ederagen Helse\",\"isPartOf\":{\"@id\":\"https:\\\/\\\/ederagenhelse.no\\\/ny2026\\\/#website\"},\"datePublished\":\"2024-09-24T07:40:24+00:00\",\"dateModified\":\"2025-01-31T08:58:25+00:00\",\"breadcrumb\":{\"@id\":\"https:\\\/\\\/ederagenhelse.no\\\/ny2026\\\/sv\\\/vanliga-fragor\\\/#breadcrumb\"},\"inLanguage\":\"sv-SE\",\"potentialAction\":[{\"@type\":\"ReadAction\",\"target\":[\"https:\\\/\\\/ederagenhelse.no\\\/ny2026\\\/sv\\\/vanliga-fragor\\\/\"]}]},{\"@type\":\"BreadcrumbList\",\"@id\":\"https:\\\/\\\/ederagenhelse.no\\\/ny2026\\\/sv\\\/vanliga-fragor\\\/#breadcrumb\",\"itemListElement\":[{\"@type\":\"ListItem\",\"position\":1,\"name\":\"Hjem\",\"item\":\"https:\\\/\\\/ederagenhelse.no\\\/ny2026\\\/sv\\\/\"},{\"@type\":\"ListItem\",\"position\":2,\"name\":\"VANLIGA FR\u00c5GOR\"}]},{\"@type\":\"WebSite\",\"@id\":\"https:\\\/\\\/ederagenhelse.no\\\/ny2026\\\/#website\",\"url\":\"https:\\\/\\\/ederagenhelse.no\\\/ny2026\\\/\",\"name\":\"Ederagen Helse\",\"description\":\"Lidenskapelig opptatt av god helse og godt immunforsvar\",\"publisher\":{\"@id\":\"https:\\\/\\\/ederagenhelse.no\\\/ny2026\\\/#organization\"},\"potentialAction\":[{\"@type\":\"SearchAction\",\"target\":{\"@type\":\"EntryPoint\",\"urlTemplate\":\"https:\\\/\\\/ederagenhelse.no\\\/ny2026\\\/?s={search_term_string}\"},\"query-input\":{\"@type\":\"PropertyValueSpecification\",\"valueRequired\":true,\"valueName\":\"search_term_string\"}}],\"inLanguage\":\"sv-SE\"},{\"@type\":\"Organization\",\"@id\":\"https:\\\/\\\/ederagenhelse.no\\\/ny2026\\\/#organization\",\"name\":\"Ederagen Helse\",\"url\":\"https:\\\/\\\/ederagenhelse.no\\\/ny2026\\\/\",\"logo\":{\"@type\":\"ImageObject\",\"inLanguage\":\"sv-SE\",\"@id\":\"https:\\\/\\\/ederagenhelse.no\\\/ny2026\\\/#\\\/schema\\\/logo\\\/image\\\/\",\"url\":\"https:\\\/\\\/ederagenhelse.no\\\/ny2026\\\/wp-content\\\/uploads\\\/2024\\\/02\\\/logo-hvit-1.png\",\"contentUrl\":\"https:\\\/\\\/ederagenhelse.no\\\/ny2026\\\/wp-content\\\/uploads\\\/2024\\\/02\\\/logo-hvit-1.png\",\"width\":2560,\"height\":418,\"caption\":\"Ederagen Helse \"},\"image\":{\"@id\":\"https:\\\/\\\/ederagenhelse.no\\\/ny2026\\\/#\\\/schema\\\/logo\\\/image\\\/\"}}]}<\/script>\n<!-- \/ Yoast SEO plugin. -->","yoast_head_json":{"title":"VANLIGA FR\u00c5GOR - Ederagen Helse","robots":{"index":"noindex","follow":"follow","max-snippet":"max-snippet:-1","max-image-preview":"max-image-preview:large","max-video-preview":"max-video-preview:-1"},"og_locale":"sv_SE","og_type":"article","og_title":"VANLIGA FR\u00c5GOR - Ederagen Helse","og_description":"Fr\u00e5gor och svar Produkterna Vad \u00e4r skillnaden mellan EderaGard och EcoGard? Vad ska jag v\u00e4lja? EcoGard bidrar till att st\u00e4rka det medf\u00f6dda immunf\u00f6rsvaret, vilket uppn\u00e5s med ett h\u00f6gt inneh\u00e5ll av betaglukaner isolerade fr\u00e5n bagerij\u00e4st, se https:\/\/ederagenhelse.no\/ny2026\/produkt\/ecogard\/. Produkten \u00e4r baserad p\u00e5 mer \u00e4n 30 \u00e5rs erfarenhet. EderaGard \u00e4r utformad f\u00f6r att ge det livsviktiga ekosystemet av [&hellip;]","og_url":"https:\/\/ederagenhelse.no\/ny2026\/sv\/vanliga-fragor\/","og_site_name":"Ederagen Helse","article_modified_time":"2025-01-31T08:58:25+00:00","twitter_card":"summary_large_image","twitter_misc":{"Ber\u00e4knad l\u00e4stid":"30 minuter"},"schema":{"@context":"https:\/\/schema.org","@graph":[{"@type":"WebPage","@id":"https:\/\/ederagenhelse.no\/ny2026\/sv\/vanliga-fragor\/","url":"https:\/\/ederagenhelse.no\/ny2026\/sv\/vanliga-fragor\/","name":"VANLIGA FR\u00c5GOR - Ederagen Helse","isPartOf":{"@id":"https:\/\/ederagenhelse.no\/ny2026\/#website"},"datePublished":"2024-09-24T07:40:24+00:00","dateModified":"2025-01-31T08:58:25+00:00","breadcrumb":{"@id":"https:\/\/ederagenhelse.no\/ny2026\/sv\/vanliga-fragor\/#breadcrumb"},"inLanguage":"sv-SE","potentialAction":[{"@type":"ReadAction","target":["https:\/\/ederagenhelse.no\/ny2026\/sv\/vanliga-fragor\/"]}]},{"@type":"BreadcrumbList","@id":"https:\/\/ederagenhelse.no\/ny2026\/sv\/vanliga-fragor\/#breadcrumb","itemListElement":[{"@type":"ListItem","position":1,"name":"Hjem","item":"https:\/\/ederagenhelse.no\/ny2026\/sv\/"},{"@type":"ListItem","position":2,"name":"VANLIGA FR\u00c5GOR"}]},{"@type":"WebSite","@id":"https:\/\/ederagenhelse.no\/ny2026\/#website","url":"https:\/\/ederagenhelse.no\/ny2026\/","name":"Ederagen Helse","description":"Lidenskapelig opptatt av god helse og godt immunforsvar","publisher":{"@id":"https:\/\/ederagenhelse.no\/ny2026\/#organization"},"potentialAction":[{"@type":"SearchAction","target":{"@type":"EntryPoint","urlTemplate":"https:\/\/ederagenhelse.no\/ny2026\/?s={search_term_string}"},"query-input":{"@type":"PropertyValueSpecification","valueRequired":true,"valueName":"search_term_string"}}],"inLanguage":"sv-SE"},{"@type":"Organization","@id":"https:\/\/ederagenhelse.no\/ny2026\/#organization","name":"Ederagen Helse","url":"https:\/\/ederagenhelse.no\/ny2026\/","logo":{"@type":"ImageObject","inLanguage":"sv-SE","@id":"https:\/\/ederagenhelse.no\/ny2026\/#\/schema\/logo\/image\/","url":"https:\/\/ederagenhelse.no\/ny2026\/wp-content\/uploads\/2024\/02\/logo-hvit-1.png","contentUrl":"https:\/\/ederagenhelse.no\/ny2026\/wp-content\/uploads\/2024\/02\/logo-hvit-1.png","width":2560,"height":418,"caption":"Ederagen Helse "},"image":{"@id":"https:\/\/ederagenhelse.no\/ny2026\/#\/schema\/logo\/image\/"}}]}},"_links":{"self":[{"href":"https:\/\/ederagenhelse.no\/ny2026\/sv\/wp-json\/wp\/v2\/pages\/13939","targetHints":{"allow":["GET"]}}],"collection":[{"href":"https:\/\/ederagenhelse.no\/ny2026\/sv\/wp-json\/wp\/v2\/pages"}],"about":[{"href":"https:\/\/ederagenhelse.no\/ny2026\/sv\/wp-json\/wp\/v2\/types\/page"}],"author":[{"embeddable":true,"href":"https:\/\/ederagenhelse.no\/ny2026\/sv\/wp-json\/wp\/v2\/users\/1"}],"replies":[{"embeddable":true,"href":"https:\/\/ederagenhelse.no\/ny2026\/sv\/wp-json\/wp\/v2\/comments?post=13939"}],"version-history":[{"count":1,"href":"https:\/\/ederagenhelse.no\/ny2026\/sv\/wp-json\/wp\/v2\/pages\/13939\/revisions"}],"predecessor-version":[{"id":13943,"href":"https:\/\/ederagenhelse.no\/ny2026\/sv\/wp-json\/wp\/v2\/pages\/13939\/revisions\/13943"}],"wp:attachment":[{"href":"https:\/\/ederagenhelse.no\/ny2026\/sv\/wp-json\/wp\/v2\/media?parent=13939"}],"curies":[{"name":"wp","href":"https:\/\/api.w.org\/{rel}","templated":true}]}}